{"id":1620,"date":"2017-01-18T12:57:18","date_gmt":"2017-01-18T12:57:18","guid":{"rendered":"http:\/\/oberstedten.info\/?page_id=1620"},"modified":"2022-09-02T13:55:00","modified_gmt":"2022-09-02T13:55:00","slug":"1620-2","status":"publish","type":"page","link":"https:\/\/oberstedten.info\/?page_id=1620","title":{"rendered":"Geschichte"},"content":{"rendered":"[et_pb_section fb_built=&#8220;1&#8243; admin_label=&#8220;section&#8220; _builder_version=&#8220;3.22&#8243;][et_pb_row column_structure=&#8220;1_2,1_2&#8243; _builder_version=&#8220;3.25&#8243; background_size=&#8220;initial&#8220; background_position=&#8220;top_left&#8220; background_repeat=&#8220;repeat&#8220;][et_pb_column type=&#8220;1_2&#8243; _builder_version=&#8220;3.25&#8243; custom_padding=&#8220;|||&#8220; custom_padding__hover=&#8220;|||&#8220;][et_pb_text _builder_version=&#8220;4.5.3&#8243; background_size=&#8220;initial&#8220; background_position=&#8220;top_left&#8220; background_repeat=&#8220;repeat&#8220;]\n<h3>Stationen Oberstedter Geschichte<\/h3>\n<p>Quellen: siehe unten und Impressum<\/p>\n<p>Webseite des <strong>Geschichts- und Kulturkreis Oberstedten e.V. <\/strong>:<br \/><strong><a href=\"http:\/\/www.geschichts-und-kulturkreis.de\">&gt;&gt; www.geschichts-und-kulturkreis.de<\/a><\/strong><\/p>\n[\/et_pb_text][\/et_pb_column][et_pb_column type=&#8220;1_2&#8243; _builder_version=&#8220;3.25&#8243; custom_padding=&#8220;|||&#8220; custom_padding__hover=&#8220;|||&#8220;][et_pb_number_counter title=&#8220;Jahre Oberstedten&#8220; number=&#8220;1200&#8243; percent_sign=&#8220;off&#8220; counter_color=&#8220;#82c5f2&#8243; _builder_version=&#8220;3.0.87&#8243; number_font_size=&#8220;65&#8243; background_size=&#8220;initial&#8220; background_position=&#8220;top_left&#8220; background_repeat=&#8220;repeat&#8220; use_border_color=&#8220;off&#8220; border_color=&#8220;#ffffff&#8220; border_style=&#8220;solid&#8220;][\/et_pb_number_counter][\/et_pb_column][\/et_pb_row][et_pb_row _builder_version=&#8220;3.25&#8243; background_size=&#8220;initial&#8220; background_position=&#8220;top_left&#8220; background_repeat=&#8220;repeat&#8220;][et_pb_column type=&#8220;4_4&#8243; _builder_version=&#8220;3.25&#8243; custom_padding=&#8220;|||&#8220; custom_padding__hover=&#8220;|||&#8220;][et_pb_text _builder_version=&#8220;3.27.4&#8243; background_size=&#8220;initial&#8220; background_position=&#8220;top_left&#8220; background_repeat=&#8220;repeat&#8220;]\n<h3 style=\"text-align: center;\">\u2666\u2666\u2666\u25ca\u25ca\u25ca\u2666\u2666\u2666<\/h3>\n<p>\u00a0<\/p>\n[\/et_pb_text][\/et_pb_column][\/et_pb_row][et_pb_row admin_label=&#8220;row&#8220; _builder_version=&#8220;3.25&#8243; background_size=&#8220;initial&#8220; background_position=&#8220;top_left&#8220; background_repeat=&#8220;repeat&#8220;][et_pb_column type=&#8220;4_4&#8243; _builder_version=&#8220;3.25&#8243; custom_padding=&#8220;|||&#8220; custom_padding__hover=&#8220;|||&#8220;][et_pb_text _builder_version=&#8220;4.5.3&#8243; text_text_color=&#8220;#3f3e36&#8243; background_color=&#8220;#ffffff&#8220; background_size=&#8220;initial&#8220; background_position=&#8220;top_left&#8220; background_repeat=&#8220;repeat&#8220; use_border_color=&#8220;off&#8220; border_color=&#8220;#ffffff&#8220; border_style=&#8220;solid&#8220;]\n\r\n\t\t<div class=\"wphtsp-slider-wrp wphtsp-clearfix\">\r\n\t\t\t<div class=\"wphtsp-slider-inner-wrp wphtsp-slider-design-5 wphtsp-clearfix\">\r\n\t\t\t\t<div id=\"wphtsp-slider-nav-1\" class=\"wphtsp-slider-nav wphtsp-slick-slider\" data-slider-nav-for='wphtsp-slider-for-1'>\n\t\t\t<div class=\"wphtsp-slider-nav-title\">\n\t\t\t<div class=\"wphtsp-title\">Urgeschichte<\/div>\n\t\t\t<div class=\"wphtsp-main-title\"><button><\/button><\/div>\n\t\t<\/div>\n\t\t\t<div class=\"wphtsp-slider-nav-title\">\n\t\t\t<div class=\"wphtsp-title\">Bronzezeit<\/div>\n\t\t\t<div class=\"wphtsp-main-title\"><button><\/button><\/div>\n\t\t<\/div>\n\t\t\t<div class=\"wphtsp-slider-nav-title\">\n\t\t\t<div class=\"wphtsp-title\">Kelten<\/div>\n\t\t\t<div class=\"wphtsp-main-title\"><button><\/button><\/div>\n\t\t<\/div>\n\t\t\t<div class=\"wphtsp-slider-nav-title\">\n\t\t\t<div class=\"wphtsp-title\">10 v. Chr.<\/div>\n\t\t\t<div class=\"wphtsp-main-title\"><button><\/button><\/div>\n\t\t<\/div>\n\t\t\t<div class=\"wphtsp-slider-nav-title\">\n\t\t\t<div class=\"wphtsp-title\">817<\/div>\n\t\t\t<div class=\"wphtsp-main-title\"><button><\/button><\/div>\n\t\t<\/div>\n\t\t\t<div class=\"wphtsp-slider-nav-title\">\n\t\t\t<div class=\"wphtsp-title\">1180<\/div>\n\t\t\t<div class=\"wphtsp-main-title\"><button><\/button><\/div>\n\t\t<\/div>\n\t\t\t<div class=\"wphtsp-slider-nav-title\">\n\t\t\t<div class=\"wphtsp-title\">1200<\/div>\n\t\t\t<div class=\"wphtsp-main-title\"><button><\/button><\/div>\n\t\t<\/div>\n\t\t\t<div class=\"wphtsp-slider-nav-title\">\n\t\t\t<div class=\"wphtsp-title\">1229<\/div>\n\t\t\t<div class=\"wphtsp-main-title\"><button><\/button><\/div>\n\t\t<\/div>\n\t\t\t<div class=\"wphtsp-slider-nav-title\">\n\t\t\t<div class=\"wphtsp-title\">1263<\/div>\n\t\t\t<div class=\"wphtsp-main-title\"><button><\/button><\/div>\n\t\t<\/div>\n\t\t\t<div class=\"wphtsp-slider-nav-title\">\n\t\t\t<div class=\"wphtsp-title\">1272<\/div>\n\t\t\t<div class=\"wphtsp-main-title\"><button><\/button><\/div>\n\t\t<\/div>\n\t\t\t<div class=\"wphtsp-slider-nav-title\">\n\t\t\t<div class=\"wphtsp-title\">1303<\/div>\n\t\t\t<div class=\"wphtsp-main-title\"><button><\/button><\/div>\n\t\t<\/div>\n\t\t\t<div class=\"wphtsp-slider-nav-title\">\n\t\t\t<div class=\"wphtsp-title\">1361<\/div>\n\t\t\t<div class=\"wphtsp-main-title\"><button><\/button><\/div>\n\t\t<\/div>\n\t\t\t<div class=\"wphtsp-slider-nav-title\">\n\t\t\t<div class=\"wphtsp-title\">1433<\/div>\n\t\t\t<div class=\"wphtsp-main-title\"><button><\/button><\/div>\n\t\t<\/div>\n\t\t\t<div class=\"wphtsp-slider-nav-title\">\n\t\t\t<div class=\"wphtsp-title\">1492<\/div>\n\t\t\t<div class=\"wphtsp-main-title\"><button><\/button><\/div>\n\t\t<\/div>\n\t\t\t<div class=\"wphtsp-slider-nav-title\">\n\t\t\t<div class=\"wphtsp-title\">1526<\/div>\n\t\t\t<div class=\"wphtsp-main-title\"><button><\/button><\/div>\n\t\t<\/div>\n\t\t\t<div class=\"wphtsp-slider-nav-title\">\n\t\t\t<div class=\"wphtsp-title\">1622<\/div>\n\t\t\t<div class=\"wphtsp-main-title\"><button><\/button><\/div>\n\t\t<\/div>\n\t\t\t<div class=\"wphtsp-slider-nav-title\">\n\t\t\t<div class=\"wphtsp-title\">1625<\/div>\n\t\t\t<div class=\"wphtsp-main-title\"><button><\/button><\/div>\n\t\t<\/div>\n\t\t\t<div class=\"wphtsp-slider-nav-title\">\n\t\t\t<div class=\"wphtsp-title\">1715<\/div>\n\t\t\t<div class=\"wphtsp-main-title\"><button><\/button><\/div>\n\t\t<\/div>\n\t\t\t<div class=\"wphtsp-slider-nav-title\">\n\t\t\t<div class=\"wphtsp-title\">1827<\/div>\n\t\t\t<div class=\"wphtsp-main-title\"><button><\/button><\/div>\n\t\t<\/div>\n\t\t\t<div class=\"wphtsp-slider-nav-title\">\n\t\t\t<div class=\"wphtsp-title\">1866<\/div>\n\t\t\t<div class=\"wphtsp-main-title\"><button><\/button><\/div>\n\t\t<\/div>\n\t\t\t<div class=\"wphtsp-slider-nav-title\">\n\t\t\t<div class=\"wphtsp-title\">1895<\/div>\n\t\t\t<div class=\"wphtsp-main-title\"><button><\/button><\/div>\n\t\t<\/div>\n\t\t\t<div class=\"wphtsp-slider-nav-title\">\n\t\t\t<div class=\"wphtsp-title\">1909<\/div>\n\t\t\t<div class=\"wphtsp-main-title\"><button><\/button><\/div>\n\t\t<\/div>\n\t\t\t<div class=\"wphtsp-slider-nav-title\">\n\t\t\t<div class=\"wphtsp-title\">1936<\/div>\n\t\t\t<div class=\"wphtsp-main-title\"><button><\/button><\/div>\n\t\t<\/div>\n\t\t\t<div class=\"wphtsp-slider-nav-title\">\n\t\t\t<div class=\"wphtsp-title\">1937<\/div>\n\t\t\t<div class=\"wphtsp-main-title\"><button><\/button><\/div>\n\t\t<\/div>\n\t\t\t<div class=\"wphtsp-slider-nav-title\">\n\t\t\t<div class=\"wphtsp-title\">1955<\/div>\n\t\t\t<div class=\"wphtsp-main-title\"><button><\/button><\/div>\n\t\t<\/div>\n\t\t\t<div class=\"wphtsp-slider-nav-title\">\n\t\t\t<div class=\"wphtsp-title\">1960<\/div>\n\t\t\t<div class=\"wphtsp-main-title\"><button><\/button><\/div>\n\t\t<\/div>\n\t\t\t<div class=\"wphtsp-slider-nav-title\">\n\t\t\t<div class=\"wphtsp-title\">1972<\/div>\n\t\t\t<div class=\"wphtsp-main-title\"><button><\/button><\/div>\n\t\t<\/div>\n\t\t\t<div class=\"wphtsp-slider-nav-title\">\n\t\t\t<div class=\"wphtsp-title\">1977<\/div>\n\t\t\t<div class=\"wphtsp-main-title\"><button><\/button><\/div>\n\t\t<\/div>\n\t\t\t<div class=\"wphtsp-slider-nav-title\">\n\t\t\t<div class=\"wphtsp-title\">2017<\/div>\n\t\t\t<div class=\"wphtsp-main-title\"><button><\/button><\/div>\n\t\t<\/div>\n\t\t\t<div class=\"wphtsp-slider-nav-title\">\n\t\t\t<div class=\"wphtsp-title\">anno ???<\/div>\n\t\t\t<div class=\"wphtsp-main-title\"><button><\/button><\/div>\n\t\t<\/div>\n\t<\/div>\n\n<div class=\"wphtsp-slider-for-1 wphtsp-slider-for wphtsp-slick-slider\">\n\t\t\t<div class=\"wphtsp-slider-nav-content\">\n\t\t\t<div class=\"wphtsp-slider-nav-wrapper wphtsp-img-left\" style=\"background:#ffffff\">\n\t\t\t\t\t\t\t\t\t<div class=\"wphtsp-feature-img\">\n\t\t\t\t\t\t\t\t\t\t\t\t\t\t\t\t\t\t\t\t<a href=\"https:\/\/oberstedten.info\/?timeline_slider_post=steinzeit\" target=\"_self\"><img decoding=\"async\" src=\"https:\/\/oberstedten.info\/wp-content\/uploads\/2017\/01\/steinzeit-pfeilspitzen-steinklingen-1-e1485545502103.png\" alt=\"\" \/><\/a>\n\t\t\t\t\t\t\t\t\t\t\t\t\t\t\t\t\t\t<\/div>\n\t\t\t\t\t<div class=\"wphtsp-content-wrapper \">\n\t\t\t\t\t\t\t\t\t\t\t\t<h2 class=\"wphtsp-content-title\">\n\t\t\t\t\t\t\t\t\t\t\t\t\t\t<a href=\"https:\/\/oberstedten.info\/?timeline_slider_post=steinzeit\" target=\"_self\" style=\"color:#424242\">Urgeschichte<\/a>\n\t\t\t\t\t\t\t\t\t\t\t\t\t<\/h2>\n\t\t\t\t\t\t\n\t\t\t\t\t\t\t\t\t\t\t\t\t<div class=\"wphtsp-content\">\n\t\t\t\t\t\t\t\t\t\t\t\t\t\t\t\t\t<div class=\"wphtsp-tl-content\" style=\"color:#424242\">[ Steinzeitfunde ] &gt;&gt;\u00a0 Vor \u00fcber 7000 Jahren in der Steinzeit\u00a0gab es hier erste Siedlungst\u00e4tigkeiten. Die Menschen stellten Steinwerkzeuge her, bauten Kulturpflanzen an und betrieben auch schon Viehzucht. In der Oberstedter Gemarkung wurden Siedlungsreste im Mittelstedter- und Niederstedter\u00a0Feld\u00a0sowie am Stedter\u00a0Berg gefunden.\u00a0Vom Acker am Stedter Berg,...<\/div>\n\t\t\t\t\t\t\t\t\t\t\t\t\t\t\t\t\t\t\t<a class=\"readmorebtn\" href=\"https:\/\/oberstedten.info\/?timeline_slider_post=steinzeit\" target=\"_self\" style=\"color:#424242\">mehr lesen<\/a>\n\t\t\t\t\t\t\t\t\t\t\t\t\t\t\t\t<\/div>\n\t\t\t\t\t\t\t\t\t\t\t<\/div>\n\t\t\t\t\t\t\t<\/div>\n\t\t<\/div>\n\t\t\t<div class=\"wphtsp-slider-nav-content\">\n\t\t\t<div class=\"wphtsp-slider-nav-wrapper wphtsp-img-left\" style=\"background:#ffffff\">\n\t\t\t\t\t\t\t\t\t<div class=\"wphtsp-feature-img\">\n\t\t\t\t\t\t\t\t\t\t\t\t\t\t\t\t\t\t\t\t<a href=\"https:\/\/oberstedten.info\/?timeline_slider_post=bronzezeit\" target=\"_self\"><img decoding=\"async\" src=\"https:\/\/oberstedten.info\/wp-content\/uploads\/2017\/01\/Huegelgrab2.png\" alt=\"\" \/><\/a>\n\t\t\t\t\t\t\t\t\t\t\t\t\t\t\t\t\t\t<\/div>\n\t\t\t\t\t<div class=\"wphtsp-content-wrapper \">\n\t\t\t\t\t\t\t\t\t\t\t\t<h2 class=\"wphtsp-content-title\">\n\t\t\t\t\t\t\t\t\t\t\t\t\t\t<a href=\"https:\/\/oberstedten.info\/?timeline_slider_post=bronzezeit\" target=\"_self\" style=\"color:#424242\">Bronzezeit<\/a>\n\t\t\t\t\t\t\t\t\t\t\t\t\t<\/h2>\n\t\t\t\t\t\t\n\t\t\t\t\t\t\t\t\t\t\t\t\t<div class=\"wphtsp-content\">\n\t\t\t\t\t\t\t\t\t\t\t\t\t\t\t\t\t<div class=\"wphtsp-tl-content\" style=\"color:#424242\">[ H\u00fcgelgr\u00e4ber ] &gt;&gt;\u00a0 Eine bronzene Dolchstabklinge ist der einzige Fund aus der fr\u00fchen Bronzezeit auf Oberstedter Gebiet.\u00a0In der mittleren Bronzezeit ab 1600 v. Chr. ver\u00e4nderte sich die \u00fcbliche Bestattungsart und es wurden H\u00fcgelgr\u00e4ber aufgesch\u00fcttet und die Verstorbenen aufw\u00e4ndig mit Grabbeigaben aus ihrem Leben\u00a0bestattet. Auf...<\/div>\n\t\t\t\t\t\t\t\t\t\t\t\t\t\t\t\t\t\t\t<a class=\"readmorebtn\" href=\"https:\/\/oberstedten.info\/?timeline_slider_post=bronzezeit\" target=\"_self\" style=\"color:#424242\">mehr lesen<\/a>\n\t\t\t\t\t\t\t\t\t\t\t\t\t\t\t\t<\/div>\n\t\t\t\t\t\t\t\t\t\t\t<\/div>\n\t\t\t\t\t\t\t<\/div>\n\t\t<\/div>\n\t\t\t<div class=\"wphtsp-slider-nav-content\">\n\t\t\t<div class=\"wphtsp-slider-nav-wrapper wphtsp-img-left\" style=\"background:#ffffff\">\n\t\t\t\t\t\t\t\t\t<div class=\"wphtsp-feature-img\">\n\t\t\t\t\t\t\t\t\t\t\t\t\t\t\t\t\t\t\t\t<a href=\"https:\/\/oberstedten.info\/?timeline_slider_post=kelten\" target=\"_self\"><img decoding=\"async\" src=\"https:\/\/oberstedten.info\/wp-content\/uploads\/2017\/02\/IMG_20170123_142218-e1486551105162.png\" alt=\"\" \/><\/a>\n\t\t\t\t\t\t\t\t\t\t\t\t\t\t\t\t\t\t<\/div>\n\t\t\t\t\t<div class=\"wphtsp-content-wrapper \">\n\t\t\t\t\t\t\t\t\t\t\t\t<h2 class=\"wphtsp-content-title\">\n\t\t\t\t\t\t\t\t\t\t\t\t\t\t<a href=\"https:\/\/oberstedten.info\/?timeline_slider_post=kelten\" target=\"_self\" style=\"color:#424242\">Kelten<\/a>\n\t\t\t\t\t\t\t\t\t\t\t\t\t<\/h2>\n\t\t\t\t\t\t\n\t\t\t\t\t\t\t\t\t\t\t\t\t<div class=\"wphtsp-content\">\n\t\t\t\t\t\t\t\t\t\t\t\t\t\t\t\t\t<div class=\"wphtsp-tl-content\" style=\"color:#424242\">[\u00a0Eisenzeit ] &gt;&gt;\u00a0 Als bessere Brenn\u00f6fen mit h\u00f6heren Temperaturen erfunden wurden, konnte man Gegenst\u00e4nde und Waffen aus Eisen herstellen. In der Hallstatt- und Lat\u00e8nezeit\u00a0entstanden auch auf dem Gebiet von Oberstedten gro\u00dfe\u00a0Siedlungen mit Wehranlagen. Von der Goldgrube auf Oberstedter Gebiet bis zum Altk\u00f6nig zog sich die...<\/div>\n\t\t\t\t\t\t\t\t\t\t\t\t\t\t\t\t\t\t\t<a class=\"readmorebtn\" href=\"https:\/\/oberstedten.info\/?timeline_slider_post=kelten\" target=\"_self\" style=\"color:#424242\">mehr lesen<\/a>\n\t\t\t\t\t\t\t\t\t\t\t\t\t\t\t\t<\/div>\n\t\t\t\t\t\t\t\t\t\t\t<\/div>\n\t\t\t\t\t\t\t<\/div>\n\t\t<\/div>\n\t\t\t<div class=\"wphtsp-slider-nav-content\">\n\t\t\t<div class=\"wphtsp-slider-nav-wrapper wphtsp-img-left\" style=\"background:#ffffff\">\n\t\t\t\t\t\t\t\t\t<div class=\"wphtsp-feature-img\">\n\t\t\t\t\t\t\t\t\t\t\t\t\t\t\t\t\t\t\t\t<a href=\"https:\/\/oberstedten.info\/?timeline_slider_post=10-v-chr\" target=\"_self\"><img decoding=\"async\" src=\"https:\/\/oberstedten.info\/wp-content\/uploads\/2017\/01\/roemer_kastell.png\" alt=\"\" \/><\/a>\n\t\t\t\t\t\t\t\t\t\t\t\t\t\t\t\t\t\t<\/div>\n\t\t\t\t\t<div class=\"wphtsp-content-wrapper \">\n\t\t\t\t\t\t\t\t\t\t\t\t<h2 class=\"wphtsp-content-title\">\n\t\t\t\t\t\t\t\t\t\t\t\t\t\t<a href=\"https:\/\/oberstedten.info\/?timeline_slider_post=10-v-chr\" target=\"_self\" style=\"color:#424242\">10 v. Chr.<\/a>\n\t\t\t\t\t\t\t\t\t\t\t\t\t<\/h2>\n\t\t\t\t\t\t\n\t\t\t\t\t\t\t\t\t\t\t\t\t<div class=\"wphtsp-content\">\n\t\t\t\t\t\t\t\t\t\t\t\t\t\t\t\t\t<div class=\"wphtsp-tl-content\" style=\"color:#424242\">[ Erste R\u00f6mer ] &gt;&gt; \u00a0Im Jahr 10 v. Chr. befand sich erstmalig ein r\u00f6misches Heer auf dem Gebiet des heutigen Oberstedten. Es zog von Mainz aus durch das Taunusvorland und die Wetterau, um weiter im Norden gegen die Chatten zu k\u00e4mpfen. Aber erst\u00a0im letzten...<\/div>\n\t\t\t\t\t\t\t\t\t\t\t\t\t\t\t\t\t\t\t<a class=\"readmorebtn\" href=\"https:\/\/oberstedten.info\/?timeline_slider_post=10-v-chr\" target=\"_self\" style=\"color:#424242\">mehr lesen<\/a>\n\t\t\t\t\t\t\t\t\t\t\t\t\t\t\t\t<\/div>\n\t\t\t\t\t\t\t\t\t\t\t<\/div>\n\t\t\t\t\t\t\t<\/div>\n\t\t<\/div>\n\t\t\t<div class=\"wphtsp-slider-nav-content\">\n\t\t\t<div class=\"wphtsp-slider-nav-wrapper wphtsp-img-left\" style=\"background:#ffffff\">\n\t\t\t\t\t\t\t\t\t<div class=\"wphtsp-feature-img\">\n\t\t\t\t\t\t\t\t\t\t\t\t\t\t\t\t\t\t\t\t<a href=\"https:\/\/oberstedten.info\/?timeline_slider_post=817-2\" target=\"_self\"><img decoding=\"async\" src=\"https:\/\/oberstedten.info\/wp-content\/uploads\/2017\/01\/Stettine-1.png\" alt=\"\" \/><\/a>\n\t\t\t\t\t\t\t\t\t\t\t\t\t\t\t\t\t\t<\/div>\n\t\t\t\t\t<div class=\"wphtsp-content-wrapper \">\n\t\t\t\t\t\t\t\t\t\t\t\t<h2 class=\"wphtsp-content-title\">\n\t\t\t\t\t\t\t\t\t\t\t\t\t\t<a href=\"https:\/\/oberstedten.info\/?timeline_slider_post=817-2\" target=\"_self\" style=\"color:#424242\">817<\/a>\n\t\t\t\t\t\t\t\t\t\t\t\t\t<\/h2>\n\t\t\t\t\t\t\n\t\t\t\t\t\t\t\t\t\t\t\t\t<div class=\"wphtsp-content\">\n\t\t\t\t\t\t\t\t\t\t\t\t\t\t\t\t\t<div class=\"wphtsp-tl-content\" style=\"color:#424242\">[ Ersterw\u00e4hnung von Stedten ] &gt;&gt; \u00a0Aus dem Jahr 817 stammt die erste gesicherte urkundliche Erw\u00e4hnung des Namens von Stedten, damals \"Steti\". Die Urkunde stellte Kaiser Ludwig der Fromme aus, als er Teile seines Besitztums an das Kloster Fulda verschenkte und daf\u00fcr zwei D\u00f6rfer erhielt,...<\/div>\n\t\t\t\t\t\t\t\t\t\t\t\t\t\t\t\t\t\t\t<a class=\"readmorebtn\" href=\"https:\/\/oberstedten.info\/?timeline_slider_post=817-2\" target=\"_self\" style=\"color:#424242\">mehr lesen<\/a>\n\t\t\t\t\t\t\t\t\t\t\t\t\t\t\t\t<\/div>\n\t\t\t\t\t\t\t\t\t\t\t<\/div>\n\t\t\t\t\t\t\t<\/div>\n\t\t<\/div>\n\t\t\t<div class=\"wphtsp-slider-nav-content\">\n\t\t\t<div class=\"wphtsp-slider-nav-wrapper wphtsp-img-left\" style=\"background:#ffffff\">\n\t\t\t\t\t\t\t\t\t<div class=\"wphtsp-feature-img\">\n\t\t\t\t\t\t\t\t\t\t\t\t\t\t\t\t\t\t\t\t<a href=\"https:\/\/oberstedten.info\/?timeline_slider_post=1180\" target=\"_self\"><img decoding=\"async\" src=\"https:\/\/oberstedten.info\/wp-content\/uploads\/2017\/01\/ritter2.png\" alt=\"\" \/><\/a>\n\t\t\t\t\t\t\t\t\t\t\t\t\t\t\t\t\t\t<\/div>\n\t\t\t\t\t<div class=\"wphtsp-content-wrapper \">\n\t\t\t\t\t\t\t\t\t\t\t\t<h2 class=\"wphtsp-content-title\">\n\t\t\t\t\t\t\t\t\t\t\t\t\t\t<a href=\"https:\/\/oberstedten.info\/?timeline_slider_post=1180\" target=\"_self\" style=\"color:#424242\">1180<\/a>\n\t\t\t\t\t\t\t\t\t\t\t\t\t<\/h2>\n\t\t\t\t\t\t\n\t\t\t\t\t\t\t\t\t\t\t\t\t<div class=\"wphtsp-content\">\n\t\t\t\t\t\t\t\t\t\t\t\t\t\t\t\t\t<div class=\"wphtsp-tl-content\" style=\"color:#424242\">[ Wortwin von Steden ] &gt;&gt;\u00a0 Aus der Zeit zwischen 1180 und 1185 stammt eine Urkunde, in der erstmals von \"Wortwin von Homburg\" die Rede ist, der in anderen Urkunden auch \"Wortwin von Steden\" genannt wird. Ihm geh\u00f6rten zahlreiche L\u00e4ndereinen in der Gegend. Er soll...<\/div>\n\t\t\t\t\t\t\t\t\t\t\t\t\t\t\t\t\t\t\t<a class=\"readmorebtn\" href=\"https:\/\/oberstedten.info\/?timeline_slider_post=1180\" target=\"_self\" style=\"color:#424242\">mehr lesen<\/a>\n\t\t\t\t\t\t\t\t\t\t\t\t\t\t\t\t<\/div>\n\t\t\t\t\t\t\t\t\t\t\t<\/div>\n\t\t\t\t\t\t\t<\/div>\n\t\t<\/div>\n\t\t\t<div class=\"wphtsp-slider-nav-content\">\n\t\t\t<div class=\"wphtsp-slider-nav-wrapper wphtsp-img-left\" style=\"background:#ffffff\">\n\t\t\t\t\t\t\t\t\t<div class=\"wphtsp-feature-img\">\n\t\t\t\t\t\t\t\t\t\t\t\t\t\t\t\t\t\t\t\t<a href=\"https:\/\/oberstedten.info\/?timeline_slider_post=1200\" target=\"_self\"><img decoding=\"async\" src=\"https:\/\/oberstedten.info\/wp-content\/uploads\/2017\/01\/Grabplatte_Oberstedten_1200-e1486461314362.png\" alt=\"\" \/><\/a>\n\t\t\t\t\t\t\t\t\t\t\t\t\t\t\t\t\t\t<\/div>\n\t\t\t\t\t<div class=\"wphtsp-content-wrapper \">\n\t\t\t\t\t\t\t\t\t\t\t\t<h2 class=\"wphtsp-content-title\">\n\t\t\t\t\t\t\t\t\t\t\t\t\t\t<a href=\"https:\/\/oberstedten.info\/?timeline_slider_post=1200\" target=\"_self\" style=\"color:#424242\">1200<\/a>\n\t\t\t\t\t\t\t\t\t\t\t\t\t<\/h2>\n\t\t\t\t\t\t\n\t\t\t\t\t\t\t\t\t\t\t\t\t<div class=\"wphtsp-content\">\n\t\t\t\t\t\t\t\t\t\t\t\t\t\t\t\t\t<div class=\"wphtsp-tl-content\" style=\"color:#424242\">[ Sp\u00e4tromanische Grabplatte ] &gt;&gt;\u00a0 Um 1200 wurde die Grabplatte hergestellt, die 1971 bei einer Renovierung der Kirche wiederentdeckt und erstmals belegt werden konnte. Aber erst bei einer weiteren Kirchenrenovierung konnte sie 1987 geborgen werden. Da sie\u00a0jahrhundertelang als T\u00fcrschwelle zum Chor benutzt worden war,\u00a0ist sie...<\/div>\n\t\t\t\t\t\t\t\t\t\t\t\t\t\t\t\t\t\t\t<a class=\"readmorebtn\" href=\"https:\/\/oberstedten.info\/?timeline_slider_post=1200\" target=\"_self\" style=\"color:#424242\">mehr lesen<\/a>\n\t\t\t\t\t\t\t\t\t\t\t\t\t\t\t\t<\/div>\n\t\t\t\t\t\t\t\t\t\t\t<\/div>\n\t\t\t\t\t\t\t<\/div>\n\t\t<\/div>\n\t\t\t<div class=\"wphtsp-slider-nav-content\">\n\t\t\t<div class=\"wphtsp-slider-nav-wrapper wphtsp-img-left\" style=\"background:#ffffff\">\n\t\t\t\t\t\t\t\t\t<div class=\"wphtsp-feature-img\">\n\t\t\t\t\t\t\t\t\t\t\t\t\t\t\t\t\t\t\t\t<a href=\"https:\/\/oberstedten.info\/?timeline_slider_post=1025\" target=\"_self\"><img decoding=\"async\" src=\"https:\/\/oberstedten.info\/wp-content\/uploads\/2017\/01\/kirchenfenster6-e1486463303895.png\" alt=\"\" \/><\/a>\n\t\t\t\t\t\t\t\t\t\t\t\t\t\t\t\t\t\t<\/div>\n\t\t\t\t\t<div class=\"wphtsp-content-wrapper \">\n\t\t\t\t\t\t\t\t\t\t\t\t<h2 class=\"wphtsp-content-title\">\n\t\t\t\t\t\t\t\t\t\t\t\t\t\t<a href=\"https:\/\/oberstedten.info\/?timeline_slider_post=1025\" target=\"_self\" style=\"color:#424242\">1229<\/a>\n\t\t\t\t\t\t\t\t\t\t\t\t\t<\/h2>\n\t\t\t\t\t\t\n\t\t\t\t\t\t\t\t\t\t\t\t\t<div class=\"wphtsp-content\">\n\t\t\t\t\t\t\t\t\t\t\t\t\t\t\t\t\t<div class=\"wphtsp-tl-content\" style=\"color:#424242\">[ Kirche ] &gt;&gt;\u00a0 Erste schriftliche Erw\u00e4hnung einer Kirche\u00a0in Oberstedten in einer Urkunde, die im Zusammenhang mit einem M\u00fchlenverkauf ausgestellt wurde. Die Abtei in Ilbenstadt besa\u00df zu dieser Zeit ein Patronatsrecht \u00fcber die Kirche in Oberstedten. Die Kirchen in Homburg und Niederstedten waren damals Filialen...<\/div>\n\t\t\t\t\t\t\t\t\t\t\t\t\t\t\t\t\t\t\t<a class=\"readmorebtn\" href=\"https:\/\/oberstedten.info\/?timeline_slider_post=1025\" target=\"_self\" style=\"color:#424242\">mehr lesen<\/a>\n\t\t\t\t\t\t\t\t\t\t\t\t\t\t\t\t<\/div>\n\t\t\t\t\t\t\t\t\t\t\t<\/div>\n\t\t\t\t\t\t\t<\/div>\n\t\t<\/div>\n\t\t\t<div class=\"wphtsp-slider-nav-content\">\n\t\t\t<div class=\"wphtsp-slider-nav-wrapper wphtsp-img-left\" style=\"background:#ffffff\">\n\t\t\t\t\t\t\t\t\t<div class=\"wphtsp-feature-img\">\n\t\t\t\t\t\t\t\t\t\t\t\t\t\t\t\t\t\t\t\t<a href=\"https:\/\/oberstedten.info\/?timeline_slider_post=1263\" target=\"_self\"><img decoding=\"async\" src=\"https:\/\/oberstedten.info\/wp-content\/uploads\/2017\/01\/Niederstetten.png\" alt=\"\" \/><\/a>\n\t\t\t\t\t\t\t\t\t\t\t\t\t\t\t\t\t\t<\/div>\n\t\t\t\t\t<div class=\"wphtsp-content-wrapper \">\n\t\t\t\t\t\t\t\t\t\t\t\t<h2 class=\"wphtsp-content-title\">\n\t\t\t\t\t\t\t\t\t\t\t\t\t\t<a href=\"https:\/\/oberstedten.info\/?timeline_slider_post=1263\" target=\"_self\" style=\"color:#424242\">1263<\/a>\n\t\t\t\t\t\t\t\t\t\t\t\t\t<\/h2>\n\t\t\t\t\t\t\n\t\t\t\t\t\t\t\t\t\t\t\t\t<div class=\"wphtsp-content\">\n\t\t\t\t\t\t\t\t\t\t\t\t\t\t\t\t\t<div class=\"wphtsp-tl-content\" style=\"color:#424242\">[ Niederstedten ] &gt;&gt;\u00a0 Erstmalige\u00a0Erw\u00e4hnung\u00a0des Dorfes\u00a0Niederstedten als \"Niederstetten\" in Urkunden. Es war eines der drei Stedter D\u00f6rfer Nieder-, Mittel- und Oberstedten. Niederstedten wurde ab 1587 als Dorf aufgegeben. Es lag auf einem Gebiet, das heute zur Bad Homburger Gemarkung geh\u00f6rt.\u00a0Durch das Gebiet von Niederstedten floss...<\/div>\n\t\t\t\t\t\t\t\t\t\t\t\t\t\t\t\t\t\t\t<a class=\"readmorebtn\" href=\"https:\/\/oberstedten.info\/?timeline_slider_post=1263\" target=\"_self\" style=\"color:#424242\">mehr lesen<\/a>\n\t\t\t\t\t\t\t\t\t\t\t\t\t\t\t\t<\/div>\n\t\t\t\t\t\t\t\t\t\t\t<\/div>\n\t\t\t\t\t\t\t<\/div>\n\t\t<\/div>\n\t\t\t<div class=\"wphtsp-slider-nav-content\">\n\t\t\t<div class=\"wphtsp-slider-nav-wrapper wphtsp-img-left\" style=\"background:#ffffff\">\n\t\t\t\t\t\t\t\t\t<div class=\"wphtsp-feature-img\">\n\t\t\t\t\t\t\t\t\t\t\t\t\t\t\t\t\t\t\t\t<a href=\"https:\/\/oberstedten.info\/?timeline_slider_post=1272\" target=\"_self\"><img decoding=\"async\" src=\"https:\/\/oberstedten.info\/wp-content\/uploads\/2017\/01\/Oberstedten.png\" alt=\"\" \/><\/a>\n\t\t\t\t\t\t\t\t\t\t\t\t\t\t\t\t\t\t<\/div>\n\t\t\t\t\t<div class=\"wphtsp-content-wrapper \">\n\t\t\t\t\t\t\t\t\t\t\t\t<h2 class=\"wphtsp-content-title\">\n\t\t\t\t\t\t\t\t\t\t\t\t\t\t<a href=\"https:\/\/oberstedten.info\/?timeline_slider_post=1272\" target=\"_self\" style=\"color:#424242\">1272<\/a>\n\t\t\t\t\t\t\t\t\t\t\t\t\t<\/h2>\n\t\t\t\t\t\t\n\t\t\t\t\t\t\t\t\t\t\t\t\t<div class=\"wphtsp-content\">\n\t\t\t\t\t\t\t\t\t\t\t\t\t\t\t\t\t<div class=\"wphtsp-tl-content\" style=\"color:#424242\">[ Oberstedten ] &gt;&gt;\u00a0 Erste urkundliche Erw\u00e4hnung des Namens Oberstedten als eines der drei Stedter D\u00f6rfer Oberstedten, Mittelstedten und Niederstedten. W\u00e4hrend Mittelstedten und Niederstedten seit Jahrhunderten schon nicht mehr bestehen,\u00a0hat sich\u00a0Oberstedten als letztes der drei Stedter D\u00f6rfer bis heute pr\u00e4chtig entwickelt.<\/div>\n\t\t\t\t\t\t\t\t\t\t\t\t\t\t\t\t\t\t\t<a class=\"readmorebtn\" href=\"https:\/\/oberstedten.info\/?timeline_slider_post=1272\" target=\"_self\" style=\"color:#424242\">mehr lesen<\/a>\n\t\t\t\t\t\t\t\t\t\t\t\t\t\t\t\t<\/div>\n\t\t\t\t\t\t\t\t\t\t\t<\/div>\n\t\t\t\t\t\t\t<\/div>\n\t\t<\/div>\n\t\t\t<div class=\"wphtsp-slider-nav-content\">\n\t\t\t<div class=\"wphtsp-slider-nav-wrapper wphtsp-img-left\" style=\"background:#ffffff\">\n\t\t\t\t\t\t\t\t\t<div class=\"wphtsp-feature-img\">\n\t\t\t\t\t\t\t\t\t\t\t\t\t\t\t\t\t\t\t\t<a href=\"https:\/\/oberstedten.info\/?timeline_slider_post=1303\" target=\"_self\"><img decoding=\"async\" src=\"https:\/\/oberstedten.info\/wp-content\/uploads\/2017\/01\/Mittelstedten.png\" alt=\"\" \/><\/a>\n\t\t\t\t\t\t\t\t\t\t\t\t\t\t\t\t\t\t<\/div>\n\t\t\t\t\t<div class=\"wphtsp-content-wrapper \">\n\t\t\t\t\t\t\t\t\t\t\t\t<h2 class=\"wphtsp-content-title\">\n\t\t\t\t\t\t\t\t\t\t\t\t\t\t<a href=\"https:\/\/oberstedten.info\/?timeline_slider_post=1303\" target=\"_self\" style=\"color:#424242\">1303<\/a>\n\t\t\t\t\t\t\t\t\t\t\t\t\t<\/h2>\n\t\t\t\t\t\t\n\t\t\t\t\t\t\t\t\t\t\t\t\t<div class=\"wphtsp-content\">\n\t\t\t\t\t\t\t\t\t\t\t\t\t\t\t\t\t<div class=\"wphtsp-tl-content\" style=\"color:#424242\">[ Mittelstedten ] &gt;&gt;\u00a0 Erste Erw\u00e4hnung von Mittelstedten in schriftlichen Quellen.\u00a0Wie Niederstedten wird auch Mittelstedten als Dorf aufgegeben, allerdings schon fr\u00fcher um 1420. Heute zeugen noch die Gemarkungen\u00a0\"Mittelstedter Feld\" und die alte Mittelstedter Gerichtslinde vom ehemaligen Dorf. Die Gerichtslinde im Mittelstedter Feld soll mindestens 400...<\/div>\n\t\t\t\t\t\t\t\t\t\t\t\t\t\t\t\t\t\t\t<a class=\"readmorebtn\" href=\"https:\/\/oberstedten.info\/?timeline_slider_post=1303\" target=\"_self\" style=\"color:#424242\">mehr lesen<\/a>\n\t\t\t\t\t\t\t\t\t\t\t\t\t\t\t\t<\/div>\n\t\t\t\t\t\t\t\t\t\t\t<\/div>\n\t\t\t\t\t\t\t<\/div>\n\t\t<\/div>\n\t\t\t<div class=\"wphtsp-slider-nav-content\">\n\t\t\t<div class=\"wphtsp-slider-nav-wrapper wphtsp-img-left\" style=\"background:#ffffff\">\n\t\t\t\t\t\t\t\t\t<div class=\"wphtsp-feature-img\">\n\t\t\t\t\t\t\t\t\t\t\t\t\t\t\t\t\t\t\t\t<a href=\"https:\/\/oberstedten.info\/?timeline_slider_post=1361\" target=\"_self\"><img decoding=\"async\" src=\"https:\/\/oberstedten.info\/wp-content\/uploads\/2017\/03\/bibel-alt.png\" alt=\"\" \/><\/a>\n\t\t\t\t\t\t\t\t\t\t\t\t\t\t\t\t\t\t<\/div>\n\t\t\t\t\t<div class=\"wphtsp-content-wrapper \">\n\t\t\t\t\t\t\t\t\t\t\t\t<h2 class=\"wphtsp-content-title\">\n\t\t\t\t\t\t\t\t\t\t\t\t\t\t<a href=\"https:\/\/oberstedten.info\/?timeline_slider_post=1361\" target=\"_self\" style=\"color:#424242\">1361<\/a>\n\t\t\t\t\t\t\t\t\t\t\t\t\t<\/h2>\n\t\t\t\t\t\t\n\t\t\t\t\t\t\t\t\t\t\t\t\t<div class=\"wphtsp-content\">\n\t\t\t\t\t\t\t\t\t\t\t\t\t\t\t\t\t<div class=\"wphtsp-tl-content\" style=\"color:#424242\">[ Eigenst\u00e4ndige Pfarrei ] &gt;&gt; Als Oberstedten im Jahr 1361 eine eigenst\u00e4ndige Pfarrei wird, hat es als Dorf schon einen besonderen Status, denn zur Pfarrei Oberstedten geh\u00f6rte auch Homburg.<\/div>\n\t\t\t\t\t\t\t\t\t\t\t\t\t\t\t\t\t\t\t<a class=\"readmorebtn\" href=\"https:\/\/oberstedten.info\/?timeline_slider_post=1361\" target=\"_self\" style=\"color:#424242\">mehr lesen<\/a>\n\t\t\t\t\t\t\t\t\t\t\t\t\t\t\t\t<\/div>\n\t\t\t\t\t\t\t\t\t\t\t<\/div>\n\t\t\t\t\t\t\t<\/div>\n\t\t<\/div>\n\t\t\t<div class=\"wphtsp-slider-nav-content\">\n\t\t\t<div class=\"wphtsp-slider-nav-wrapper wphtsp-img-left\" style=\"background:#ffffff\">\n\t\t\t\t\t\t\t\t\t<div class=\"wphtsp-feature-img\">\n\t\t\t\t\t\t\t\t\t\t\t\t\t\t\t\t\t\t\t\t<a href=\"https:\/\/oberstedten.info\/?timeline_slider_post=1672\" target=\"_self\"><img decoding=\"async\" src=\"https:\/\/oberstedten.info\/wp-content\/uploads\/2017\/01\/Stedtenhomburg-1.png\" alt=\"\" \/><\/a>\n\t\t\t\t\t\t\t\t\t\t\t\t\t\t\t\t\t\t<\/div>\n\t\t\t\t\t<div class=\"wphtsp-content-wrapper \">\n\t\t\t\t\t\t\t\t\t\t\t\t<h2 class=\"wphtsp-content-title\">\n\t\t\t\t\t\t\t\t\t\t\t\t\t\t<a href=\"https:\/\/oberstedten.info\/?timeline_slider_post=1672\" target=\"_self\" style=\"color:#424242\">1433<\/a>\n\t\t\t\t\t\t\t\t\t\t\t\t\t<\/h2>\n\t\t\t\t\t\t\n\t\t\t\t\t\t\t\t\t\t\t\t\t<div class=\"wphtsp-content\">\n\t\t\t\t\t\t\t\t\t\t\t\t\t\t\t\t\t<div class=\"wphtsp-tl-content\" style=\"color:#424242\">[ Oberstedten und Burg Hohenberg an Eppstein ] &gt;&gt;\u00a0Gottfried III. von Eppstein wird Besitzer\u00a0der Burg Hohenberg (Homburg) und von Oberstedten, dessen Schicksal\u00a0von\u00a0nun an stark mit Homburg verbunden ist.\u00a0Das Dorf\u00a0geh\u00f6rt ab 1622 zur Landgrafenschaft Hessen-Homburg. Erst ab 1866 hat Oberstedten wie Oberursel den preu\u00dfischen K\u00f6nig als...<\/div>\n\t\t\t\t\t\t\t\t\t\t\t\t\t\t\t\t\t\t\t<a class=\"readmorebtn\" href=\"https:\/\/oberstedten.info\/?timeline_slider_post=1672\" target=\"_self\" style=\"color:#424242\">mehr lesen<\/a>\n\t\t\t\t\t\t\t\t\t\t\t\t\t\t\t\t<\/div>\n\t\t\t\t\t\t\t\t\t\t\t<\/div>\n\t\t\t\t\t\t\t<\/div>\n\t\t<\/div>\n\t\t\t<div class=\"wphtsp-slider-nav-content\">\n\t\t\t<div class=\"wphtsp-slider-nav-wrapper wphtsp-img-left\" style=\"background:#ffffff\">\n\t\t\t\t\t\t\t\t\t<div class=\"wphtsp-feature-img\">\n\t\t\t\t\t\t\t\t\t\t\t\t\t\t\t\t\t\t\t\t<a href=\"https:\/\/oberstedten.info\/?timeline_slider_post=1492\" target=\"_self\"><img decoding=\"async\" src=\"https:\/\/oberstedten.info\/wp-content\/uploads\/2017\/02\/Muehle-im-Gericht-e1487877706691.png\" alt=\"\" \/><\/a>\n\t\t\t\t\t\t\t\t\t\t\t\t\t\t\t\t\t\t<\/div>\n\t\t\t\t\t<div class=\"wphtsp-content-wrapper \">\n\t\t\t\t\t\t\t\t\t\t\t\t<h2 class=\"wphtsp-content-title\">\n\t\t\t\t\t\t\t\t\t\t\t\t\t\t<a href=\"https:\/\/oberstedten.info\/?timeline_slider_post=1492\" target=\"_self\" style=\"color:#424242\">1492<\/a>\n\t\t\t\t\t\t\t\t\t\t\t\t\t<\/h2>\n\t\t\t\t\t\t\n\t\t\t\t\t\t\t\t\t\t\t\t\t<div class=\"wphtsp-content\">\n\t\t\t\t\t\t\t\t\t\t\t\t\t\t\t\t\t<div class=\"wphtsp-tl-content\" style=\"color:#424242\">[ Erste Wasserm\u00fchle in Oberstedten ] &gt;&gt;\u00a0 \u00a0Eine \"herrschaftliche M\u00fchle zu Oberstedten im Gericht daselbsten an der Kirche gelegen\" wird 1492 in Papieren erw\u00e4hnt, die eine \u00dcbertragung der M\u00fchle von Graf Philipp von Hanau an Henchin von Mollern regeln.\u00a0Diese \"M\u00fchle im Gericht\"\u00a0stand\u00a0neben der Kirche (Kirchstra\u00dfe...<\/div>\n\t\t\t\t\t\t\t\t\t\t\t\t\t\t\t\t\t\t\t<a class=\"readmorebtn\" href=\"https:\/\/oberstedten.info\/?timeline_slider_post=1492\" target=\"_self\" style=\"color:#424242\">mehr lesen<\/a>\n\t\t\t\t\t\t\t\t\t\t\t\t\t\t\t\t<\/div>\n\t\t\t\t\t\t\t\t\t\t\t<\/div>\n\t\t\t\t\t\t\t<\/div>\n\t\t<\/div>\n\t\t\t<div class=\"wphtsp-slider-nav-content\">\n\t\t\t<div class=\"wphtsp-slider-nav-wrapper wphtsp-img-left\" style=\"background:#ffffff\">\n\t\t\t\t\t\t\t\t\t<div class=\"wphtsp-feature-img\">\n\t\t\t\t\t\t\t\t\t\t\t\t\t\t\t\t\t\t\t\t<a href=\"https:\/\/oberstedten.info\/?timeline_slider_post=1567\" target=\"_self\"><img decoding=\"async\" src=\"https:\/\/oberstedten.info\/wp-content\/uploads\/2017\/01\/Luther.png\" alt=\"\" \/><\/a>\n\t\t\t\t\t\t\t\t\t\t\t\t\t\t\t\t\t\t<\/div>\n\t\t\t\t\t<div class=\"wphtsp-content-wrapper \">\n\t\t\t\t\t\t\t\t\t\t\t\t<h2 class=\"wphtsp-content-title\">\n\t\t\t\t\t\t\t\t\t\t\t\t\t\t<a href=\"https:\/\/oberstedten.info\/?timeline_slider_post=1567\" target=\"_self\" style=\"color:#424242\">1526<\/a>\n\t\t\t\t\t\t\t\t\t\t\t\t\t<\/h2>\n\t\t\t\t\t\t\n\t\t\t\t\t\t\t\t\t\t\t\t\t<div class=\"wphtsp-content\">\n\t\t\t\t\t\t\t\t\t\t\t\t\t\t\t\t\t<div class=\"wphtsp-tl-content\" style=\"color:#424242\">[ Oberstedten wird evangelisch ] &gt;&gt;\u00a0 Im Jahre 1517\u00a0fand Martin Luthers Reformation statt. Neun Jahre sp\u00e4ter wird\u00a0in Oberstedten 1526 die evangelische Lehre eingef\u00fchrt, wie auch in den \u00fcbrigen Orten des Amtes Homburg. Die Reformation verlief in Oberstedten friedlich. Durch den\u00a0Beschluss\u00a0des Landgrafs Philipp vom 26.10.1526, auf...<\/div>\n\t\t\t\t\t\t\t\t\t\t\t\t\t\t\t\t\t\t\t<a class=\"readmorebtn\" href=\"https:\/\/oberstedten.info\/?timeline_slider_post=1567\" target=\"_self\" style=\"color:#424242\">mehr lesen<\/a>\n\t\t\t\t\t\t\t\t\t\t\t\t\t\t\t\t<\/div>\n\t\t\t\t\t\t\t\t\t\t\t<\/div>\n\t\t\t\t\t\t\t<\/div>\n\t\t<\/div>\n\t\t\t<div class=\"wphtsp-slider-nav-content\">\n\t\t\t<div class=\"wphtsp-slider-nav-wrapper wphtsp-img-left\" style=\"background:#ffffff\">\n\t\t\t\t\t\t\t\t\t<div class=\"wphtsp-feature-img\">\n\t\t\t\t\t\t\t\t\t\t\t\t\t\t\t\t\t\t\t\t<a href=\"https:\/\/oberstedten.info\/?timeline_slider_post=1972\" target=\"_self\"><img decoding=\"async\" src=\"https:\/\/oberstedten.info\/wp-content\/uploads\/2017\/01\/The_Hanging_by_Jacques_Callot2.jpg\" alt=\"\" \/><\/a>\n\t\t\t\t\t\t\t\t\t\t\t\t\t\t\t\t\t\t<\/div>\n\t\t\t\t\t<div class=\"wphtsp-content-wrapper \">\n\t\t\t\t\t\t\t\t\t\t\t\t<h2 class=\"wphtsp-content-title\">\n\t\t\t\t\t\t\t\t\t\t\t\t\t\t<a href=\"https:\/\/oberstedten.info\/?timeline_slider_post=1972\" target=\"_self\" style=\"color:#424242\">1622<\/a>\n\t\t\t\t\t\t\t\t\t\t\t\t\t<\/h2>\n\t\t\t\t\t\t\n\t\t\t\t\t\t\t\t\t\t\t\t\t<div class=\"wphtsp-content\">\n\t\t\t\t\t\t\t\t\t\t\t\t\t\t\t\t\t<div class=\"wphtsp-tl-content\" style=\"color:#424242\">[ Pl\u00fcnderung im Drei\u00dfigj\u00e4hrigen Krieg ] &gt;&gt;\u00a0\u00a0Der Drei\u00dfigj\u00e4hrige Krieg von 1618 bis 1648\u00a0war ein Religionskrieg, in dem sich auf Reichsebene Konflikte zwischen Kaiser und Katholiken\u00a0einerseits und der Protestantischen Union andererseits entluden und der sich bald auf die europ\u00e4ische Ebene verbreiterte.\u00a0Zeitweise k\u00e4mpften auch Katholiken gegeneinander.\u00a0Da\u00a0Oberstedten zentral...<\/div>\n\t\t\t\t\t\t\t\t\t\t\t\t\t\t\t\t\t\t\t<a class=\"readmorebtn\" href=\"https:\/\/oberstedten.info\/?timeline_slider_post=1972\" target=\"_self\" style=\"color:#424242\">mehr lesen<\/a>\n\t\t\t\t\t\t\t\t\t\t\t\t\t\t\t\t<\/div>\n\t\t\t\t\t\t\t\t\t\t\t<\/div>\n\t\t\t\t\t\t\t<\/div>\n\t\t<\/div>\n\t\t\t<div class=\"wphtsp-slider-nav-content\">\n\t\t\t<div class=\"wphtsp-slider-nav-wrapper wphtsp-img-left\" style=\"background:#ffffff\">\n\t\t\t\t\t\t\t\t\t<div class=\"wphtsp-feature-img\">\n\t\t\t\t\t\t\t\t\t\t\t\t\t\t\t\t\t\t\t\t<a href=\"https:\/\/oberstedten.info\/?timeline_slider_post=1625\" target=\"_self\"><img decoding=\"async\" src=\"https:\/\/oberstedten.info\/wp-content\/uploads\/2017\/03\/Valentin_Wagner_Homburg_16331.jpg\" alt=\"\" \/><\/a>\n\t\t\t\t\t\t\t\t\t\t\t\t\t\t\t\t\t\t<\/div>\n\t\t\t\t\t<div class=\"wphtsp-content-wrapper \">\n\t\t\t\t\t\t\t\t\t\t\t\t<h2 class=\"wphtsp-content-title\">\n\t\t\t\t\t\t\t\t\t\t\t\t\t\t<a href=\"https:\/\/oberstedten.info\/?timeline_slider_post=1625\" target=\"_self\" style=\"color:#424242\">1625<\/a>\n\t\t\t\t\t\t\t\t\t\t\t\t\t<\/h2>\n\t\t\t\t\t\t\n\t\t\t\t\t\t\t\t\t\t\t\t\t<div class=\"wphtsp-content\">\n\t\t\t\t\t\t\t\t\t\t\t\t\t\t\t\t\t<div class=\"wphtsp-tl-content\" style=\"color:#424242\">[ Schlosswasserleitung von Oberstedten zum Homburger Schloss ] &gt;&gt; Im Jahr 1625 wurde ein Seitenarm des Kalten Wassers, der Sangenborn, durch Ziehen von Gr\u00e4ben gefasst und als Leitungssystem zuerst aus Holzr\u00f6hren\u00a0und sp\u00e4ter aus\u00a0Bleir\u00f6hren\u00a0bis zum Homburger Schloss gef\u00fchrt. Damit wurde das Schloss mit bestem Oberstedter Wasser...<\/div>\n\t\t\t\t\t\t\t\t\t\t\t\t\t\t\t\t\t\t\t<a class=\"readmorebtn\" href=\"https:\/\/oberstedten.info\/?timeline_slider_post=1625\" target=\"_self\" style=\"color:#424242\">mehr lesen<\/a>\n\t\t\t\t\t\t\t\t\t\t\t\t\t\t\t\t<\/div>\n\t\t\t\t\t\t\t\t\t\t\t<\/div>\n\t\t\t\t\t\t\t<\/div>\n\t\t<\/div>\n\t\t\t<div class=\"wphtsp-slider-nav-content\">\n\t\t\t<div class=\"wphtsp-slider-nav-wrapper wphtsp-img-left\" style=\"background:#ffffff\">\n\t\t\t\t\t\t\t\t\t<div class=\"wphtsp-feature-img\">\n\t\t\t\t\t\t\t\t\t\t\t\t\t\t\t\t\t\t\t\t<a href=\"https:\/\/oberstedten.info\/?timeline_slider_post=2016\" target=\"_self\"><img decoding=\"async\" src=\"https:\/\/oberstedten.info\/wp-content\/uploads\/2017\/01\/kirche_seite-e1486543861136.png\" alt=\"\" \/><\/a>\n\t\t\t\t\t\t\t\t\t\t\t\t\t\t\t\t\t\t<\/div>\n\t\t\t\t\t<div class=\"wphtsp-content-wrapper \">\n\t\t\t\t\t\t\t\t\t\t\t\t<h2 class=\"wphtsp-content-title\">\n\t\t\t\t\t\t\t\t\t\t\t\t\t\t<a href=\"https:\/\/oberstedten.info\/?timeline_slider_post=2016\" target=\"_self\" style=\"color:#424242\">1715<\/a>\n\t\t\t\t\t\t\t\t\t\t\t\t\t<\/h2>\n\t\t\t\t\t\t\n\t\t\t\t\t\t\t\t\t\t\t\t\t<div class=\"wphtsp-content\">\n\t\t\t\t\t\t\t\t\t\t\t\t\t\t\t\t\t<div class=\"wphtsp-tl-content\" style=\"color:#424242\">[ Kirchenneubau ] &gt;&gt;\u00a0 Von 1706 bis 1715 wurde eine neue Kirche gebaut, die bis heute im alten Ortskern von Oberstedten als evangelische\u00a0Sankt-Nikolaus-Kirche besteht und noch immer aus der Bebauung deutlich herausragt. Der Landgraf hatte den Neubau und eine Kollekte in allen Orten des Amtes...<\/div>\n\t\t\t\t\t\t\t\t\t\t\t\t\t\t\t\t\t\t\t<a class=\"readmorebtn\" href=\"https:\/\/oberstedten.info\/?timeline_slider_post=2016\" target=\"_self\" style=\"color:#424242\">mehr lesen<\/a>\n\t\t\t\t\t\t\t\t\t\t\t\t\t\t\t\t<\/div>\n\t\t\t\t\t\t\t\t\t\t\t<\/div>\n\t\t\t\t\t\t\t<\/div>\n\t\t<\/div>\n\t\t\t<div class=\"wphtsp-slider-nav-content\">\n\t\t\t<div class=\"wphtsp-slider-nav-wrapper wphtsp-img-left\" style=\"background:#ffffff\">\n\t\t\t\t\t\t\t\t\t<div class=\"wphtsp-feature-img\">\n\t\t\t\t\t\t\t\t\t\t\t\t\t\t\t\t\t\t\t\t<a href=\"https:\/\/oberstedten.info\/?timeline_slider_post=2017\" target=\"_self\"><img decoding=\"async\" src=\"https:\/\/oberstedten.info\/wp-content\/uploads\/2017\/01\/alte-schule-oberstedten.png\" alt=\"\" \/><\/a>\n\t\t\t\t\t\t\t\t\t\t\t\t\t\t\t\t\t\t<\/div>\n\t\t\t\t\t<div class=\"wphtsp-content-wrapper \">\n\t\t\t\t\t\t\t\t\t\t\t\t<h2 class=\"wphtsp-content-title\">\n\t\t\t\t\t\t\t\t\t\t\t\t\t\t<a href=\"https:\/\/oberstedten.info\/?timeline_slider_post=2017\" target=\"_self\" style=\"color:#424242\">1827<\/a>\n\t\t\t\t\t\t\t\t\t\t\t\t\t<\/h2>\n\t\t\t\t\t\t\n\t\t\t\t\t\t\t\t\t\t\t\t\t<div class=\"wphtsp-content\">\n\t\t\t\t\t\t\t\t\t\t\t\t\t\t\t\t\t<div class=\"wphtsp-tl-content\" style=\"color:#424242\">[ Schulbau ] &gt;&gt;\u00a0 Neben der evangelischen Kirche wird ein Schulhaus gebaut. Im Jahr 1901 erfolgt ein Umbau. In die Volksschule gehen die Oberstedter Kinder bis 1966, danach in die neue Grundschule . Das Schulhaus dient dann bis zur Eingemeindung 1972\u00a0als Rathaus. Sp\u00e4ter beherbergt es...<\/div>\n\t\t\t\t\t\t\t\t\t\t\t\t\t\t\t\t\t\t\t<a class=\"readmorebtn\" href=\"https:\/\/oberstedten.info\/?timeline_slider_post=2017\" target=\"_self\" style=\"color:#424242\">mehr lesen<\/a>\n\t\t\t\t\t\t\t\t\t\t\t\t\t\t\t\t<\/div>\n\t\t\t\t\t\t\t\t\t\t\t<\/div>\n\t\t\t\t\t\t\t<\/div>\n\t\t<\/div>\n\t\t\t<div class=\"wphtsp-slider-nav-content\">\n\t\t\t<div class=\"wphtsp-slider-nav-wrapper wphtsp-img-left\" style=\"background:#ffffff\">\n\t\t\t\t\t\t\t\t\t<div class=\"wphtsp-feature-img\">\n\t\t\t\t\t\t\t\t\t\t\t\t\t\t\t\t\t\t\t\t<a href=\"https:\/\/oberstedten.info\/?timeline_slider_post=1866\" target=\"_self\"><img decoding=\"async\" src=\"https:\/\/oberstedten.info\/wp-content\/uploads\/2017\/01\/Lehrer-Lempel-Wappen.jpg\" alt=\"\" \/><\/a>\n\t\t\t\t\t\t\t\t\t\t\t\t\t\t\t\t\t\t<\/div>\n\t\t\t\t\t<div class=\"wphtsp-content-wrapper \">\n\t\t\t\t\t\t\t\t\t\t\t\t<h2 class=\"wphtsp-content-title\">\n\t\t\t\t\t\t\t\t\t\t\t\t\t\t<a href=\"https:\/\/oberstedten.info\/?timeline_slider_post=1866\" target=\"_self\" style=\"color:#424242\">1866<\/a>\n\t\t\t\t\t\t\t\t\t\t\t\t\t<\/h2>\n\t\t\t\t\t\t\n\t\t\t\t\t\t\t\t\t\t\t\t\t<div class=\"wphtsp-content\">\n\t\t\t\t\t\t\t\t\t\t\t\t\t\t\t\t\t<div class=\"wphtsp-tl-content\" style=\"color:#424242\">[ Oberstedten geh\u00f6rt zum K\u00f6nigreich Preu\u00dfen ] &gt;&gt;\u00a0 Der letzte Landgraf Ferdinand Heinrich Friedrich von Hessen-Homburg\u00a0starb 1866, deshalb wurde Oberstedten im selben Jahr ein Teil des Gro\u00dfherzogtums Hessen.\u00a0Im Deutschen Krieg von 1866 hatte aber das Gro\u00dfherzogtum Hessen auf der Seite des Deutschen Bundes unter der...<\/div>\n\t\t\t\t\t\t\t\t\t\t\t\t\t\t\t\t\t\t\t<a class=\"readmorebtn\" href=\"https:\/\/oberstedten.info\/?timeline_slider_post=1866\" target=\"_self\" style=\"color:#424242\">mehr lesen<\/a>\n\t\t\t\t\t\t\t\t\t\t\t\t\t\t\t\t<\/div>\n\t\t\t\t\t\t\t\t\t\t\t<\/div>\n\t\t\t\t\t\t\t<\/div>\n\t\t<\/div>\n\t\t\t<div class=\"wphtsp-slider-nav-content\">\n\t\t\t<div class=\"wphtsp-slider-nav-wrapper wphtsp-img-left\" style=\"background:#ffffff\">\n\t\t\t\t\t\t\t\t\t<div class=\"wphtsp-feature-img\">\n\t\t\t\t\t\t\t\t\t\t\t\t\t\t\t\t\t\t\t\t<a href=\"https:\/\/oberstedten.info\/?timeline_slider_post=1895\" target=\"_self\"><img decoding=\"async\" src=\"https:\/\/oberstedten.info\/wp-content\/uploads\/2017\/02\/Einwohnerzahl.png\" alt=\"\" \/><\/a>\n\t\t\t\t\t\t\t\t\t\t\t\t\t\t\t\t\t\t<\/div>\n\t\t\t\t\t<div class=\"wphtsp-content-wrapper \">\n\t\t\t\t\t\t\t\t\t\t\t\t<h2 class=\"wphtsp-content-title\">\n\t\t\t\t\t\t\t\t\t\t\t\t\t\t<a href=\"https:\/\/oberstedten.info\/?timeline_slider_post=1895\" target=\"_self\" style=\"color:#424242\">1895<\/a>\n\t\t\t\t\t\t\t\t\t\t\t\t\t<\/h2>\n\t\t\t\t\t\t\n\t\t\t\t\t\t\t\t\t\t\t\t\t<div class=\"wphtsp-content\">\n\t\t\t\t\t\t\t\t\t\t\t\t\t\t\t\t\t<div class=\"wphtsp-tl-content\" style=\"color:#424242\">[ Einwohnerzahl \u00fcber 1000 ] &gt;&gt;\u00a0 Im Jahr 1895 z\u00e4hlt Oberstedten erstmals \u00fcber 1000 Einwohner. Nach der starken Dezimierung durch den\u00a0Drei\u00dfigj\u00e4hrigen Krieg und die Pest im Jahr 1635 auf nur 35 Einwohner,\u00a0stieg die Zahl st\u00e4ndig.\u00a0Im 20. Jahrhundert vervierfachte sich die Einwohnerzahl. Besonders nach dem 2....<\/div>\n\t\t\t\t\t\t\t\t\t\t\t\t\t\t\t\t\t\t\t<a class=\"readmorebtn\" href=\"https:\/\/oberstedten.info\/?timeline_slider_post=1895\" target=\"_self\" style=\"color:#424242\">mehr lesen<\/a>\n\t\t\t\t\t\t\t\t\t\t\t\t\t\t\t\t<\/div>\n\t\t\t\t\t\t\t\t\t\t\t<\/div>\n\t\t\t\t\t\t\t<\/div>\n\t\t<\/div>\n\t\t\t<div class=\"wphtsp-slider-nav-content\">\n\t\t\t<div class=\"wphtsp-slider-nav-wrapper wphtsp-img-left\" style=\"background:#ffffff\">\n\t\t\t\t\t\t\t\t\t<div class=\"wphtsp-feature-img\">\n\t\t\t\t\t\t\t\t\t\t\t\t\t\t\t\t\t\t\t\t<a href=\"https:\/\/oberstedten.info\/?timeline_slider_post=1909\" target=\"_self\"><img decoding=\"async\" src=\"https:\/\/oberstedten.info\/wp-content\/uploads\/2017\/02\/genesungsheim_kann_stiftung.png\" alt=\"\" \/><\/a>\n\t\t\t\t\t\t\t\t\t\t\t\t\t\t\t\t\t\t<\/div>\n\t\t\t\t\t<div class=\"wphtsp-content-wrapper \">\n\t\t\t\t\t\t\t\t\t\t\t\t<h2 class=\"wphtsp-content-title\">\n\t\t\t\t\t\t\t\t\t\t\t\t\t\t<a href=\"https:\/\/oberstedten.info\/?timeline_slider_post=1909\" target=\"_self\" style=\"color:#424242\">1909<\/a>\n\t\t\t\t\t\t\t\t\t\t\t\t\t<\/h2>\n\t\t\t\t\t\t\n\t\t\t\t\t\t\t\t\t\t\t\t\t<div class=\"wphtsp-content\">\n\t\t\t\t\t\t\t\t\t\t\t\t\t\t\t\t\t<div class=\"wphtsp-tl-content\" style=\"color:#424242\">[ Bau des J\u00fcdischen Genesungsheims ] &gt;&gt;\u00a0 Nicht weit vom Gotischen Haus, zu dem damals noch eine Stra\u00dfenbahnlinie von Bad Homburg aus fuhr, wurde von 1909 bis 1910 das J\u00fcdische Genesungsheim der Eduard und Adelheid Kann-Stiftung gebaut. Es nahm in den Sommermonaten j\u00fcdische Kurg\u00e4ste auf....<\/div>\n\t\t\t\t\t\t\t\t\t\t\t\t\t\t\t\t\t\t\t<a class=\"readmorebtn\" href=\"https:\/\/oberstedten.info\/?timeline_slider_post=1909\" target=\"_self\" style=\"color:#424242\">mehr lesen<\/a>\n\t\t\t\t\t\t\t\t\t\t\t\t\t\t\t\t<\/div>\n\t\t\t\t\t\t\t\t\t\t\t<\/div>\n\t\t\t\t\t\t\t<\/div>\n\t\t<\/div>\n\t\t\t<div class=\"wphtsp-slider-nav-content\">\n\t\t\t<div class=\"wphtsp-slider-nav-wrapper wphtsp-img-left\" style=\"background:#ffffff\">\n\t\t\t\t\t\t\t\t\t<div class=\"wphtsp-feature-img\">\n\t\t\t\t\t\t\t\t\t\t\t\t\t\t\t\t\t\t\t\t<a href=\"https:\/\/oberstedten.info\/?timeline_slider_post=1936\" target=\"_self\"><img decoding=\"async\" src=\"https:\/\/oberstedten.info\/wp-content\/uploads\/2017\/02\/Kulturdenkmal-6-Oberstedten.png\" alt=\"\" \/><\/a>\n\t\t\t\t\t\t\t\t\t\t\t\t\t\t\t\t\t\t<\/div>\n\t\t\t\t\t<div class=\"wphtsp-content-wrapper \">\n\t\t\t\t\t\t\t\t\t\t\t\t<h2 class=\"wphtsp-content-title\">\n\t\t\t\t\t\t\t\t\t\t\t\t\t\t<a href=\"https:\/\/oberstedten.info\/?timeline_slider_post=1936\" target=\"_self\" style=\"color:#424242\">1936<\/a>\n\t\t\t\t\t\t\t\t\t\t\t\t\t<\/h2>\n\t\t\t\t\t\t\n\t\t\t\t\t\t\t\t\t\t\t\t\t<div class=\"wphtsp-content\">\n\t\t\t\t\t\t\t\t\t\t\t\t\t\t\t\t\t<div class=\"wphtsp-tl-content\" style=\"color:#424242\">[ Einrichtung des Reichssiedlungshofs ]\u00a0 &gt;&gt;\u00a0 Am Rande der Oberstedter\u00a0Gemarkung im Gebiet Eichw\u00e4ldchen\/Camp King\u00a0liegen noch heute einige Geb\u00e4ude des\u00a0ehemaligen Reichssiedlungshofes, die auch zu den Kulturdenkm\u00e4lern z\u00e4hlen. Der Reichssiedlungshof wurde\u00a0seit 1936 von den Nazis\u00a0als \"Gausiedlerschule\" erstellt, die beispielhafte\u00a0Forschungs- und Siedlungsarbeit betreiben sollte, wie sie sich die...<\/div>\n\t\t\t\t\t\t\t\t\t\t\t\t\t\t\t\t\t\t\t<a class=\"readmorebtn\" href=\"https:\/\/oberstedten.info\/?timeline_slider_post=1936\" target=\"_self\" style=\"color:#424242\">mehr lesen<\/a>\n\t\t\t\t\t\t\t\t\t\t\t\t\t\t\t\t<\/div>\n\t\t\t\t\t\t\t\t\t\t\t<\/div>\n\t\t\t\t\t\t\t<\/div>\n\t\t<\/div>\n\t\t\t<div class=\"wphtsp-slider-nav-content\">\n\t\t\t<div class=\"wphtsp-slider-nav-wrapper wphtsp-img-left\" style=\"background:#ffffff\">\n\t\t\t\t\t\t\t\t\t<div class=\"wphtsp-feature-img\">\n\t\t\t\t\t\t\t\t\t\t\t\t\t\t\t\t\t\t\t\t<a href=\"https:\/\/oberstedten.info\/?timeline_slider_post=1937\" target=\"_self\"><img decoding=\"async\" src=\"https:\/\/oberstedten.info\/wp-content\/uploads\/2017\/01\/Wappen_Oberstedten-1.png\" alt=\"\" \/><\/a>\n\t\t\t\t\t\t\t\t\t\t\t\t\t\t\t\t\t\t<\/div>\n\t\t\t\t\t<div class=\"wphtsp-content-wrapper \">\n\t\t\t\t\t\t\t\t\t\t\t\t<h2 class=\"wphtsp-content-title\">\n\t\t\t\t\t\t\t\t\t\t\t\t\t\t<a href=\"https:\/\/oberstedten.info\/?timeline_slider_post=1937\" target=\"_self\" style=\"color:#424242\">1937<\/a>\n\t\t\t\t\t\t\t\t\t\t\t\t\t<\/h2>\n\t\t\t\t\t\t\n\t\t\t\t\t\t\t\t\t\t\t\t\t<div class=\"wphtsp-content\">\n\t\t\t\t\t\t\t\t\t\t\t\t\t\t\t\t\t<div class=\"wphtsp-tl-content\" style=\"color:#424242\">[ Verleihung des Wappens ] &gt;&gt;\u00a0 Am 9.12.1937 wurde der Gemeinde Oberstedten ein Wappen durch den Oberpr\u00e4sidenten der Provinz Hessen-Nassau Philipp Prinz von Hessen verliehen. Das Wappen ging zur\u00fcck auf ein Gerichtssiegel von 1722, das ein von Palmwedeln eingefasstes Hufeisen zeigt.\u00a0Das verliehene Wappen zeigt\u00a0zwei Merkmale:...<\/div>\n\t\t\t\t\t\t\t\t\t\t\t\t\t\t\t\t\t\t\t<a class=\"readmorebtn\" href=\"https:\/\/oberstedten.info\/?timeline_slider_post=1937\" target=\"_self\" style=\"color:#424242\">mehr lesen<\/a>\n\t\t\t\t\t\t\t\t\t\t\t\t\t\t\t\t<\/div>\n\t\t\t\t\t\t\t\t\t\t\t<\/div>\n\t\t\t\t\t\t\t<\/div>\n\t\t<\/div>\n\t\t\t<div class=\"wphtsp-slider-nav-content\">\n\t\t\t<div class=\"wphtsp-slider-nav-wrapper wphtsp-img-left\" style=\"background:#ffffff\">\n\t\t\t\t\t\t\t\t\t<div class=\"wphtsp-feature-img\">\n\t\t\t\t\t\t\t\t\t\t\t\t\t\t\t\t\t\t\t\t<a href=\"https:\/\/oberstedten.info\/?timeline_slider_post=2020\" target=\"_self\"><img decoding=\"async\" src=\"https:\/\/oberstedten.info\/wp-content\/uploads\/2017\/01\/kirche_turm-e1489604701388.png\" alt=\"\" \/><\/a>\n\t\t\t\t\t\t\t\t\t\t\t\t\t\t\t\t\t\t<\/div>\n\t\t\t\t\t<div class=\"wphtsp-content-wrapper \">\n\t\t\t\t\t\t\t\t\t\t\t\t<h2 class=\"wphtsp-content-title\">\n\t\t\t\t\t\t\t\t\t\t\t\t\t\t<a href=\"https:\/\/oberstedten.info\/?timeline_slider_post=2020\" target=\"_self\" style=\"color:#424242\">1955<\/a>\n\t\t\t\t\t\t\t\t\t\t\t\t\t<\/h2>\n\t\t\t\t\t\t\n\t\t\t\t\t\t\t\t\t\t\t\t\t<div class=\"wphtsp-content\">\n\t\t\t\t\t\t\t\t\t\t\t\t\t\t\t\t\t<div class=\"wphtsp-tl-content\" style=\"color:#424242\">[ Umbau der Kirche ] &gt;&gt;\u00a0 Von 1954 bis 1955 erfolgte eine Renovierung der evangelischen Kirche mit Umbau und Erweiterung. Der Turm in der heutigen Gr\u00f6\u00dfe, der Kirchsaal, zwei Gruppenr\u00e4ume und die Empore mit einer neuen Orgel\u00a0entstanden dabei.\u00a0Die au\u00dfergew\u00f6hnlich gute Akustik im Kirchenraum wird bis...<\/div>\n\t\t\t\t\t\t\t\t\t\t\t\t\t\t\t\t\t\t\t<a class=\"readmorebtn\" href=\"https:\/\/oberstedten.info\/?timeline_slider_post=2020\" target=\"_self\" style=\"color:#424242\">mehr lesen<\/a>\n\t\t\t\t\t\t\t\t\t\t\t\t\t\t\t\t<\/div>\n\t\t\t\t\t\t\t\t\t\t\t<\/div>\n\t\t\t\t\t\t\t<\/div>\n\t\t<\/div>\n\t\t\t<div class=\"wphtsp-slider-nav-content\">\n\t\t\t<div class=\"wphtsp-slider-nav-wrapper wphtsp-img-left\" style=\"background:#ffffff\">\n\t\t\t\t\t\t\t\t\t<div class=\"wphtsp-feature-img\">\n\t\t\t\t\t\t\t\t\t\t\t\t\t\t\t\t\t\t\t\t<a href=\"https:\/\/oberstedten.info\/?timeline_slider_post=1960\" target=\"_self\"><img decoding=\"async\" src=\"https:\/\/oberstedten.info\/wp-content\/uploads\/2017\/03\/St-Petrus-Canisius-Oberstedten-1.png\" alt=\"\" \/><\/a>\n\t\t\t\t\t\t\t\t\t\t\t\t\t\t\t\t\t\t<\/div>\n\t\t\t\t\t<div class=\"wphtsp-content-wrapper \">\n\t\t\t\t\t\t\t\t\t\t\t\t<h2 class=\"wphtsp-content-title\">\n\t\t\t\t\t\t\t\t\t\t\t\t\t\t<a href=\"https:\/\/oberstedten.info\/?timeline_slider_post=1960\" target=\"_self\" style=\"color:#424242\">1960<\/a>\n\t\t\t\t\t\t\t\t\t\t\t\t\t<\/h2>\n\t\t\t\t\t\t\n\t\t\t\t\t\t\t\t\t\t\t\t\t<div class=\"wphtsp-content\">\n\t\t\t\t\t\t\t\t\t\t\t\t\t\t\t\t\t<div class=\"wphtsp-tl-content\" style=\"color:#424242\">[\u00a0Wieder selbstst\u00e4ndige katholische Kirchengemeinde ]\u00a0 &gt;&gt; Durch Zuz\u00fcge nach dem Zweiten Weltkrieg aus katholisch gepr\u00e4gten Ostgebieten und durch Zuz\u00fcge aus der Region in den folgenden Jahren in die Neubaugebiete nahm die Zahl der katholischen B\u00fcrger in Oberstedten zu. W\u00e4hrend Homburg im Mittelalter zur Kirchengemeinde Oberstedten...<\/div>\n\t\t\t\t\t\t\t\t\t\t\t\t\t\t\t\t\t\t\t<a class=\"readmorebtn\" href=\"https:\/\/oberstedten.info\/?timeline_slider_post=1960\" target=\"_self\" style=\"color:#424242\">mehr lesen<\/a>\n\t\t\t\t\t\t\t\t\t\t\t\t\t\t\t\t<\/div>\n\t\t\t\t\t\t\t\t\t\t\t<\/div>\n\t\t\t\t\t\t\t<\/div>\n\t\t<\/div>\n\t\t\t<div class=\"wphtsp-slider-nav-content\">\n\t\t\t<div class=\"wphtsp-slider-nav-wrapper wphtsp-img-left\" style=\"background:#ffffff\">\n\t\t\t\t\t\t\t\t\t<div class=\"wphtsp-feature-img\">\n\t\t\t\t\t\t\t\t\t\t\t\t\t\t\t\t\t\t\t\t<a href=\"https:\/\/oberstedten.info\/?timeline_slider_post=1972-2\" target=\"_self\"><img decoding=\"async\" src=\"https:\/\/oberstedten.info\/wp-content\/uploads\/2017\/03\/Stedtenursel.png\" alt=\"\" \/><\/a>\n\t\t\t\t\t\t\t\t\t\t\t\t\t\t\t\t\t\t<\/div>\n\t\t\t\t\t<div class=\"wphtsp-content-wrapper \">\n\t\t\t\t\t\t\t\t\t\t\t\t<h2 class=\"wphtsp-content-title\">\n\t\t\t\t\t\t\t\t\t\t\t\t\t\t<a href=\"https:\/\/oberstedten.info\/?timeline_slider_post=1972-2\" target=\"_self\" style=\"color:#424242\">1972<\/a>\n\t\t\t\t\t\t\t\t\t\t\t\t\t<\/h2>\n\t\t\t\t\t\t\n\t\t\t\t\t\t\t\t\t\t\t\t\t<div class=\"wphtsp-content\">\n\t\t\t\t\t\t\t\t\t\t\t\t\t\t\t\t\t<div class=\"wphtsp-tl-content\" style=\"color:#424242\">[ Eingemeindung nach Oberursel ] &gt;&gt; Am 1. April 1972 verlor Oberstedten seine Selbstst\u00e4ndigkeit. Im Rahmen der hessischen Gebietsreform\u00a0wurde das Dorf nach Oberursel eingemeindet. Diese politische Entscheidung stie\u00df auf Unmut bei Teilen der Oberstedter Bev\u00f6lkerung, weil der Ort schon seit Jahrhunderten eine starke Bindung an...<\/div>\n\t\t\t\t\t\t\t\t\t\t\t\t\t\t\t\t\t\t\t<a class=\"readmorebtn\" href=\"https:\/\/oberstedten.info\/?timeline_slider_post=1972-2\" target=\"_self\" style=\"color:#424242\">mehr lesen<\/a>\n\t\t\t\t\t\t\t\t\t\t\t\t\t\t\t\t<\/div>\n\t\t\t\t\t\t\t\t\t\t\t<\/div>\n\t\t\t\t\t\t\t<\/div>\n\t\t<\/div>\n\t\t\t<div class=\"wphtsp-slider-nav-content\">\n\t\t\t<div class=\"wphtsp-slider-nav-wrapper wphtsp-img-left\" style=\"background:#ffffff\">\n\t\t\t\t\t\t\t\t\t<div class=\"wphtsp-feature-img\">\n\t\t\t\t\t\t\t\t\t\t\t\t\t\t\t\t\t\t\t\t<a href=\"https:\/\/oberstedten.info\/?timeline_slider_post=1977\" target=\"_self\"><img decoding=\"async\" src=\"https:\/\/oberstedten.info\/wp-content\/uploads\/2017\/02\/Fischers-Muehle3-1.png\" alt=\"\" \/><\/a>\n\t\t\t\t\t\t\t\t\t\t\t\t\t\t\t\t\t\t<\/div>\n\t\t\t\t\t<div class=\"wphtsp-content-wrapper \">\n\t\t\t\t\t\t\t\t\t\t\t\t<h2 class=\"wphtsp-content-title\">\n\t\t\t\t\t\t\t\t\t\t\t\t\t\t<a href=\"https:\/\/oberstedten.info\/?timeline_slider_post=1977\" target=\"_self\" style=\"color:#424242\">1977<\/a>\n\t\t\t\t\t\t\t\t\t\t\t\t\t<\/h2>\n\t\t\t\t\t\t\n\t\t\t\t\t\t\t\t\t\t\t\t\t<div class=\"wphtsp-content\">\n\t\t\t\t\t\t\t\t\t\t\t\t\t\t\t\t\t<div class=\"wphtsp-tl-content\" style=\"color:#424242\">[ Letzte M\u00fchle stellt Betrieb ein ]\u00a0 &gt;&gt;\u00a0 Von den 12 M\u00fchlen in Oberstedten wurden haupts\u00e4chlich Papier\u00a0und Pappdeckel produziert. Eine dieser M\u00fchlen war die Fischers M\u00fchle. Sie wurde 1835 zwischen der Hardertsm\u00fchle und der Zin\u00dfschen M\u00fchle als Mahlm\u00fchle erbaut. Zwischen den ersten Besitzern und den...<\/div>\n\t\t\t\t\t\t\t\t\t\t\t\t\t\t\t\t\t\t\t<a class=\"readmorebtn\" href=\"https:\/\/oberstedten.info\/?timeline_slider_post=1977\" target=\"_self\" style=\"color:#424242\">mehr lesen<\/a>\n\t\t\t\t\t\t\t\t\t\t\t\t\t\t\t\t<\/div>\n\t\t\t\t\t\t\t\t\t\t\t<\/div>\n\t\t\t\t\t\t\t<\/div>\n\t\t<\/div>\n\t\t\t<div class=\"wphtsp-slider-nav-content\">\n\t\t\t<div class=\"wphtsp-slider-nav-wrapper wphtsp-img-left\" style=\"background:#ffffff\">\n\t\t\t\t\t\t\t\t\t<div class=\"wphtsp-feature-img\">\n\t\t\t\t\t\t\t\t\t\t\t\t\t\t\t\t\t\t\t\t<a href=\"https:\/\/oberstedten.info\/?timeline_slider_post=2017-2\" target=\"_self\"><img decoding=\"async\" src=\"https:\/\/oberstedten.info\/wp-content\/uploads\/2017\/02\/Oberstedten-1200-Jahre.png\" alt=\"\" \/><\/a>\n\t\t\t\t\t\t\t\t\t\t\t\t\t\t\t\t\t\t<\/div>\n\t\t\t\t\t<div class=\"wphtsp-content-wrapper \">\n\t\t\t\t\t\t\t\t\t\t\t\t<h2 class=\"wphtsp-content-title\">\n\t\t\t\t\t\t\t\t\t\t\t\t\t\t<a href=\"https:\/\/oberstedten.info\/?timeline_slider_post=2017-2\" target=\"_self\" style=\"color:#424242\">2017<\/a>\n\t\t\t\t\t\t\t\t\t\t\t\t\t<\/h2>\n\t\t\t\t\t\t\n\t\t\t\t\t\t\t\t\t\t\t\t\t<div class=\"wphtsp-content\">\n\t\t\t\t\t\t\t\t\t\t\t\t\t\t\t\t\t<div class=\"wphtsp-tl-content\" style=\"color:#424242\">[ 1200-Jahr-Feier ] Zur Erinnerung an die urkundliche Ersterw\u00e4hnung im Jahr 817 gibt es in Oberstedten verschiedene Feierlichkeiten. Quelle: &gt;&gt; http:\/\/www.vereinsring-oberstedten.de\/ Juni 10.-11.6., Sch\u00fctzenverein: Jubili\u00e4umsscheibenschie\u00dfen 17.6., 10:00 Uhr: \u201cHistorische Stedter M\u00fchlenwanderung\", Wanderclub &amp; Geschichts- und Kulturverein, Treffpunkt Tante Anna 18.6., Gastst\u00e4tte zum Bojo: Apfelweinverkostung und...<\/div>\n\t\t\t\t\t\t\t\t\t\t\t\t\t\t\t\t\t\t\t<a class=\"readmorebtn\" href=\"https:\/\/oberstedten.info\/?timeline_slider_post=2017-2\" target=\"_self\" style=\"color:#424242\">mehr lesen<\/a>\n\t\t\t\t\t\t\t\t\t\t\t\t\t\t\t\t<\/div>\n\t\t\t\t\t\t\t\t\t\t\t<\/div>\n\t\t\t\t\t\t\t<\/div>\n\t\t<\/div>\n\t\t\t<div class=\"wphtsp-slider-nav-content\">\n\t\t\t<div class=\"wphtsp-slider-nav-wrapper wphtsp-img-left\" style=\"background:#ffffff\">\n\t\t\t\t\t\t\t\t\t<div class=\"wphtsp-feature-img\">\n\t\t\t\t\t\t\t\t\t\t\t\t\t\t\t\t\t\t\t\t<a href=\"https:\/\/oberstedten.info\/?timeline_slider_post=anno\" target=\"_self\"><img decoding=\"async\" src=\"https:\/\/oberstedten.info\/wp-content\/uploads\/2017\/02\/sanduhr-e1486646835962.png\" alt=\"\" \/><\/a>\n\t\t\t\t\t\t\t\t\t\t\t\t\t\t\t\t\t\t<\/div>\n\t\t\t\t\t<div class=\"wphtsp-content-wrapper \">\n\t\t\t\t\t\t\t\t\t\t\t\t<h2 class=\"wphtsp-content-title\">\n\t\t\t\t\t\t\t\t\t\t\t\t\t\t<a href=\"https:\/\/oberstedten.info\/?timeline_slider_post=anno\" target=\"_self\" style=\"color:#424242\">anno ???<\/a>\n\t\t\t\t\t\t\t\t\t\t\t\t\t<\/h2>\n\t\t\t\t\t\t\n\t\t\t\t\t\t\t\t\t\t\t\t\t<div class=\"wphtsp-content\">\n\t\t\t\t\t\t\t\t\t\t\t\t\t\t\t\t\t<div class=\"wphtsp-tl-content\" style=\"color:#424242\">Weitere Ereignisse aus der Geschichte Oberstedtens werden erg\u00e4nzt.<\/div>\n\t\t\t\t\t\t\t\t\t\t\t\t\t\t\t\t\t\t\t<a class=\"readmorebtn\" href=\"https:\/\/oberstedten.info\/?timeline_slider_post=anno\" target=\"_self\" style=\"color:#424242\">mehr lesen<\/a>\n\t\t\t\t\t\t\t\t\t\t\t\t\t\t\t\t<\/div>\n\t\t\t\t\t\t\t\t\t\t\t<\/div>\n\t\t\t\t\t\t\t<\/div>\n\t\t<\/div>\n\t<\/div>\t\t\t<\/div>\r\n\t\t\t<div class=\"wphtsp-slider-conf\" data-conf=\"{&quot;dots&quot;:&quot;false&quot;,&quot;arrows&quot;:&quot;true&quot;,&quot;autoplay&quot;:&quot;false&quot;,&quot;autoplayInterval&quot;:&quot;3000&quot;,&quot;speed&quot;:&quot;300&quot;,&quot;fade&quot;:&quot;false&quot;,&quot;adaptiveheight&quot;:&quot;true&quot;,&quot;slidestoshow&quot;:&quot;5&quot;,&quot;first_slide&quot;:&quot;0&quot;,&quot;nav_centermode&quot;:&quot;true&quot;,&quot;rtl&quot;:&quot;false&quot;}\"><\/div>\r\n\t\t<\/div>\r\n\t\n[\/et_pb_text][\/et_pb_column][\/et_pb_row][et_pb_row _builder_version=&#8220;3.25&#8243; background_size=&#8220;initial&#8220; background_position=&#8220;top_left&#8220; background_repeat=&#8220;repeat&#8220;][et_pb_column type=&#8220;4_4&#8243; _builder_version=&#8220;3.25&#8243; custom_padding=&#8220;|||&#8220; custom_padding__hover=&#8220;|||&#8220;][et_pb_text _builder_version=&#8220;3.27.4&#8243; background_size=&#8220;initial&#8220; background_position=&#8220;top_left&#8220; background_repeat=&#8220;repeat&#8220; use_border_color=&#8220;off&#8220; border_color=&#8220;#ffffff&#8220; border_style=&#8220;solid&#8220;]\n<h4>Historischer Spaziergang\u00a0durch Oberstedten<\/h4>\n[\/et_pb_text][et_pb_map address=&#8220;Oberstedten, 61440 Oberursel (Taunus), Deutschland&#8220; zoom_level=&#8220;15&#8243; address_lat=&#8220;50.22767087017249&#8243; address_lng=&#8220;8.571650306112713&#8243; _builder_version=&#8220;3.0.91&#8243;][et_pb_map_pin title=&#8220;Kulturdenkmal Evangelische Kirche von 1715&#8243; pin_address=&#8220;Kirchstra\u00dfe 28, 61440 Oberursel (Taunus), Deutschland&#8220; pin_address_lat=&#8220;50.22738409999999&#8243; pin_address_lng=&#8220;8.573703900000055&#8243; _builder_version=&#8220;3.0.47&#8243;]Sankt Nikolaus Kirche, gebaut von 1706 bis 1715.\u00a0 <a href=\"https:\/\/oberstedten.info\/?p=1779\">&gt;&gt; zur Tour<\/a><br \/>\n[\/et_pb_map_pin][et_pb_map_pin title=&#8220;Kulturdenkmal Ehrenmal von 1876&#8243; pin_address=&#8220;Im Gartenfeld 12B, 61440 Oberursel (Taunus), Deutschland&#8220; pin_address_lat=&#8220;50.22838618845426&#8243; pin_address_lng=&#8220;8.572657838484247&#8243; _builder_version=&#8220;3.0.47&#8243;]Denkmal f\u00fcr die Gefallenen des deutsch-franz\u00f6sischen Krieges 1870\/71.\u00a0 <a href=\"https:\/\/oberstedten.info\/?p=1779\">&gt;&gt; zur Tour<\/a><br \/>\n[\/et_pb_map_pin][et_pb_map_pin title=&#8220;Kulturdenkmal altes Wohnhaus&#8220; pin_address=&#8220;Kirchstra\u00dfe 32, 61440 Oberursel (Taunus), Deutschland&#8220; pin_address_lat=&#8220;50.22766&#8243; pin_address_lng=&#8220;8.574200000000019&#8243; _builder_version=&#8220;3.0.47&#8243;]Zweist\u00f6ckiges Fachwerkwohnhaus an der Kirche aus der 1. H\u00e4lfte des 18. Jahrhunderts.\u00a0 <a href=\"https:\/\/oberstedten.info\/?p=1779\">&gt;&gt; zur Tour<\/a><br \/>\n[\/et_pb_map_pin][et_pb_map_pin title=&#8220;Kulturdenkmal Wohnhaus Hofreite&#8220; pin_address=&#8220;Hauptstra\u00dfe 36, 61440 Oberursel (Taunus), Deutschland&#8220; pin_address_lat=&#8220;50.2265516&#8243; pin_address_lng=&#8220;8.575808100000017&#8243; _builder_version=&#8220;3.0.47&#8243;]Wohnhaus einer alten Hofreite, gebaut um 1700.\u00a0 <a href=\"https:\/\/oberstedten.info\/?p=1779\">&gt;&gt; zur Tour<\/a><br \/>\n[\/et_pb_map_pin][et_pb_map_pin title=&#8220;Kulturdenkmal altes Fachwerkhaus&#8220; pin_address=&#8220;Hauptstra\u00dfe 26, 61440 Oberursel (Taunus), Deutschland&#8220; pin_address_lat=&#8220;50.22624649999999&#8243; pin_address_lng=&#8220;8.576617299999952&#8243; _builder_version=&#8220;3.0.47&#8243;]Zweigeschossiges Fachwerkhaus aus dem fr\u00fchen 18. Jahrhundert, typische giebelst\u00e4ndige Bebauung fr\u00fcher\u00a0in der Hauptstra\u00dfe.\u00a0 <a href=\"https:\/\/oberstedten.info\/?p=1779\">&gt;&gt; zur Tour\u00a0<\/a><br \/>\n[\/et_pb_map_pin][et_pb_map_pin title=&#8220;Kulturdenkmal alte Scheune Zins&#8217;sche M\u00fchle, 1796&#8243; pin_address=&#8220;Zum Hainm\u00fcller, 61440 Oberursel (Taunus), Deutschland&#8220; pin_address_lat=&#8220;50.229966458421636&#8243; pin_address_lng=&#8220;8.563913322753933&#8243; _builder_version=&#8220;3.0.47&#8243;]Alte Fachwerkscheune als Rest der Zins&#8217;schen M\u00fchle aus 1796, einer Papier- und Pappdeckelm\u00fchle, 4. M\u00fchle der ehemals 12 M\u00fchlen am Dornbach. <a href=\"https:\/\/oberstedten.info\/?p=1779\">&gt;&gt; zur Tour<\/a><br \/>\n[\/et_pb_map_pin][et_pb_map_pin title=&#8220;Reichssiedlungshof, ab 1938 &#8220; pin_address=&#8220;Heinrich-Kappus-Weg 17, 61440 Oberursel (Taunus), Deutschland&#8220; pin_address_lat=&#8220;50.2191297&#8243; pin_address_lng=&#8220;8.553599299999973&#8243; _builder_version=&#8220;3.0.47&#8243;]Reichssiedlungshof, seit 1938, sp\u00e4ter &#8222;Durchgangslager Luft \/ Dulag&#8220;\u00a0(Gefangenenlager f\u00fcr alliierte Kriegsgefangene), nach dem Krieg als &#8222;Camp King&#8220; durch die amerikanischen Streitkr\u00e4fte genutzt.\u00a0 <a href=\"https:\/\/oberstedten.info\/?p=1779\">&gt;&gt; zur Tour<\/a><br \/>\n[\/et_pb_map_pin][et_pb_map_pin title=&#8220;J\u00fcdisches Genesungsheim von 1909\/10&#8243; pin_address=&#8220;Gotische Str. 15, 61440 Oberursel (Taunus), Deutschland&#8220; pin_address_lat=&#8220;50.23130730884685&#8243; pin_address_lng=&#8220;8.573923965606695&#8243; _builder_version=&#8220;3.0.47&#8243;]J\u00fcdisches Genesungsheim der Kann-Stiftung, 1935 und 1938 durch die Nazis demoliert, seit 1957 Reformhaus-Fach-Akademie.\u00a0 <a href=\"https:\/\/oberstedten.info\/?timeline_slider_post=1909\">&gt;&gt; Info<\/a><br \/>\n[\/et_pb_map_pin][et_pb_map_pin title=&#8220;Alte Schule von 1827&#8243; pin_address=&#8220;Kirchstra\u00dfe 34, 61440 Oberursel (Taunus), Deutschland&#8220; pin_address_lat=&#8220;50.22746&#8243; pin_address_lng=&#8220;8.574430000000006&#8243; _builder_version=&#8220;3.0.47&#8243;]Schulbau von 1827, umgebaut 1901, ab 1966 als Rathaus genutzt, sp\u00e4ter z.B. f\u00fcr Vereine und den Ortsbeirat.<br \/>\n[\/et_pb_map_pin][et_pb_map_pin title=&#8220;H\u00f6lschers M\u00fchle&#8220; pin_address=&#8220;M\u00fchlenweg, 61440 Oberursel (Taunus), Deutschland&#8220; pin_address_lat=&#8220;50.2302128318122&#8243; pin_address_lng=&#8220;8.551278192034942&#8243; _builder_version=&#8220;3.0.47&#8243;]Pappdeckelm\u00fchle von 1848, Produktion bis 1971, der &#8222;Stedter M\u00fchlenbrunnen&#8220; in der Ortsmitte ist aus Teilen\u00a0ihres Kollergangs.<br \/>\n[\/et_pb_map_pin][et_pb_map_pin title=&#8220;Hardertsm\u00fchle&#8220; pin_address=&#8220;K\u00f6nig-Wilhelms-Weg, 61440 Oberursel (Taunus), Deutschland&#8220; pin_address_lat=&#8220;50.229535966743384&#8243; pin_address_lng=&#8220;8.554749405310076&#8243; _builder_version=&#8220;3.0.47&#8243;]Pappdeckelm\u00fchle von 1835, gr\u00f6\u00dftes oberschl\u00e4chtiges M\u00fchlrad S\u00fcddeutschlands, M\u00fchlenbetrieb bis 1940, bekannte Gastst\u00e4tte und heute Hotel.<br \/>\n[\/et_pb_map_pin][et_pb_map_pin title=&#8220;Fischers M\u00fchle&#8220; pin_address=&#8220;M\u00fchlenweg 26, 61440 Oberursel (Taunus), Deutschland&#8220; pin_address_lat=&#8220;50.22827308774138&#8243; pin_address_lng=&#8220;8.557324325964373&#8243; _builder_version=&#8220;3.0.47&#8243;]Von 1835, urspr\u00fcnglich Mahlm\u00fchle, Umr\u00fcstung zur Pappdeckelm\u00fchle 1860, Produktion von Pappe als letzte M\u00fchle bis 1977.<br \/>\n[\/et_pb_map_pin][et_pb_map_pin title=&#8220;Zin\u00df&#8217;sche M\u00fchle&#8220; pin_address=&#8220;Zum Hainm\u00fcller, 61440 Oberursel (Taunus), Deutschland&#8220; pin_address_lat=&#8220;50.22998704837718&#8243; pin_address_lng=&#8220;8.563918687171963&#8243; _builder_version=&#8220;3.0.47&#8243;]Papierm\u00fchle von 1796, sp\u00e4ter Pappdeckelm\u00fchle, ab 1885 Forsthaus, heute noch vorhandene Scheune geh\u00f6rt zu den Kulturdenkm\u00e4lern Oberstedtens.<br \/>\n<a href=\"https:\/\/oberstedten.info\/?p=1779\">&gt;&gt; zur Tour<\/a><br \/>\n[\/et_pb_map_pin][et_pb_map_pin title=&#8220;Krie\u00dflers M\u00fchle&#8220; pin_address=&#8220;Zum Hainm\u00fcller 5, 61440 Oberursel (Taunus), Deutschland&#8220; pin_address_lat=&#8220;50.23025718093011&#8243; pin_address_lng=&#8220;8.566809480673214&#8243; _builder_version=&#8220;3.0.47&#8243;]Eventuell auf Resten eines Vorg\u00e4ngerbaus erreichtet, Baujahr unklar, eventuell Ende 18. Jh.\/1799, Papier-\/Pappdeckelm\u00fchle, Produktion 1937 eingestellt, sp\u00e4ter Kinderheim, Kurheim, G\u00e4rtnerei bis 1996.<br \/>\n[\/et_pb_map_pin][et_pb_map_pin title=&#8220;Neumanns M\u00fchle&#8220; pin_address=&#8220;Im Gartenfeld 25, 61440 Oberursel (Taunus), Deutschland&#8220; pin_address_lat=&#8220;50.22863590340381&#8243; pin_address_lng=&#8220;8.569734439009153&#8243; _builder_version=&#8220;3.0.47&#8243;]Pappdeckel-\/Papierm\u00fchle von etwa 1713, Produktion in den 1960er-Jahren eingestellt.<br \/>\n[\/et_pb_map_pin][et_pb_map_pin title=&#8220;Spelzm\u00fchle&#8220; pin_address=&#8220;Am Alten Bach 19, 61440 Oberursel (Taunus), Deutschland&#8220; pin_address_lat=&#8220;50.227766636926376&#8243; pin_address_lng=&#8220;8.572883965606706&#8243; _builder_version=&#8220;3.0.47&#8243;]Anf\u00e4nge unklar, Mahlm\u00fchle seit 1735, Abriss 1983, danach auf dem Gel\u00e4nde Bau einer Wohnanlage.<br \/>\n[\/et_pb_map_pin][et_pb_map_pin title=&#8220;M\u00fchle im Gericht&#8220; pin_address=&#8220;Kirchstra\u00dfe 21, 61440 Oberursel (Taunus), Deutschland&#8220; pin_address_lat=&#8220;50.2271753&#8243; pin_address_lng=&#8220;8.574854500000015&#8243; _builder_version=&#8220;3.0.47&#8243;]\u00c4lteste bekannte M\u00fchle in Oberstedten, mindestens seit 1492 existiert hier eine Mahlm\u00fchle, Einstellung des M\u00fchlenbetriebs 1925.<br \/>\n[\/et_pb_map_pin][et_pb_map_pin title=&#8220;M\u00fchle am Teich&#8220; pin_address=&#8220;Hauptstra\u00dfe 9, 61440 Oberursel (Taunus), Deutschland&#8220; pin_address_lat=&#8220;50.2265287&#8243; pin_address_lng=&#8220;8.577737200000001&#8243; _builder_version=&#8220;3.0.47&#8243;]Auch &#8222;Unterm\u00fchle&#8220; genannt, Anlage eines &#8222;herrschaftlichen Teichs&#8220; in Oberstedten 1580, Baujahr der Mahlm\u00fchle unklar,\u00a01860 bis 1888\u00a0Wollspinnerei, Trockenlegung des Teichs schon 1833.<br \/>\n[\/et_pb_map_pin][et_pb_map_pin title=&#8220;Rentmeisterm\u00fchle&#8220; pin_address=&#8220;Am Platzenberg 22, 61348 Bad Homburg vor der H\u00f6he, Deutschland&#8220; pin_address_lat=&#8220;50.22364&#8243; pin_address_lng=&#8220;8.59003000000007&#8243; _builder_version=&#8220;3.0.47&#8243;]Walk- und kleine Mahlm\u00fchle aus der zweiten H\u00e4lfte des 18. Jh., sp\u00e4ter Pappenm\u00fchle, Betrieb\u00a0bis 1968.<br \/>\n[\/et_pb_map_pin][et_pb_map_pin title=&#8220;Kr\u00e4uterm\u00fchle&#8220; pin_address=&#8220;Am Platzenberg 20, 61348 Bad Homburg vor der H\u00f6he, Deutschland&#8220; pin_address_lat=&#8220;50.22318&#8243; pin_address_lng=&#8220;8.589809999999943&#8243; _builder_version=&#8220;3.0.47&#8243;]Walkm\u00fchle, etwa\u00a0Ende 18. Jh., ab 1874 Produktion von Pappdeckeln bis 1976, Pappdeckelmaschinen stehen heute im Vortaunusmuseum in Oberursel.<br \/>\n[\/et_pb_map_pin][et_pb_map_pin title=&#8220;Proeckenm\u00fchle&#8220; pin_address=&#8220;Am Platzenberg 12, 61348 Bad Homburg vor der H\u00f6he, Deutschland&#8220; pin_address_lat=&#8220;50.221715598249254&#8243; pin_address_lng=&#8220;8.591733016918965&#8243; _builder_version=&#8220;3.0.47&#8243;]Pulverm\u00fchle, Konzession ab 1708, ab 1758 Mahlm\u00fchle und Fruchtm\u00fchle,\u00a0\u00a0Mahlbetrieb Anfang 1920er-Jahre eingestellt.<br \/>\n[\/et_pb_map_pin][\/et_pb_map][\/et_pb_column][\/et_pb_row][et_pb_row column_structure=&#8220;1_2,1_2&#8243; _builder_version=&#8220;3.25&#8243; background_size=&#8220;initial&#8220; background_position=&#8220;top_left&#8220; background_repeat=&#8220;repeat&#8220;][et_pb_column type=&#8220;1_2&#8243; _builder_version=&#8220;3.25&#8243; custom_padding=&#8220;|||&#8220; custom_padding__hover=&#8220;|||&#8220;][et_pb_testimonial _builder_version=&#8220;3.2&#8243; background_size=&#8220;initial&#8220; background_position=&#8220;top_left&#8220; background_repeat=&#8220;repeat&#8220; use_border_color=&#8220;off&#8220; border_color=&#8220;#ffffff&#8220; border_style=&#8220;solid&#8220;]\n<p>\nDie\u00a0Spotlights auf Oberstedter Geschichte\u00a0sind nicht nach wissenschaftlichen Kriterien aufbereitet, sondern kurze\u00a0Zusammenfassungen aus geschichtlichen B\u00fcchern und Websites.\u00a0Sie\u00a0sollen lediglich motivieren, sich mit Geschichte aktiv mit Fahrrad und zu Fu\u00df zu befassen.<br \/>Sie\u00a0k\u00f6nnen auch f\u00fcr Eltern die Informationsgrundlage sein,\u00a0Kinder schon fr\u00fch an die Geschichte ihrer Heimat heranzuf\u00fchren.<br \/>(&#8222;Oberstedter Geschichte <strong>er-<em>fahren<\/em><\/strong> und <strong>er-<em>laufen&#8220;<\/em><\/strong>)<\/p>\n[\/et_pb_testimonial][\/et_pb_column][et_pb_column type=&#8220;1_2&#8243; _builder_version=&#8220;3.25&#8243; custom_padding=&#8220;|||&#8220; custom_padding__hover=&#8220;|||&#8220;][et_pb_testimonial _builder_version=&#8220;4.0.6&#8243; background_size=&#8220;initial&#8220; background_position=&#8220;top_left&#8220; background_repeat=&#8220;repeat&#8220; use_border_color=&#8220;off&#8220; border_color=&#8220;#ffffff&#8220; border_style=&#8220;solid&#8220;]\n<p>Tiefergehende Literatur:<strong> &#8222;Oberstedten &#8211; Eine Ortsgeschichte&#8220;<\/strong>, Geschichts- und Kulturkreis Oberstedten e.V., bearbeitet von A. Baeumert, Verlag Waldemar Kramer<br \/>weiter Quellen siehe Impressum.<br \/>Historische Vortr\u00e4ge:<br \/><a href=\"http:\/\/www.geschichts-und-kulturkreis.de\"><strong>&gt;&gt; &#8222;Geschichts- und Kulturkreis Oberstedten e.V&#8220;<\/strong><\/a><br \/><strong><a href=\"http:\/\/www.ursella.info\">&gt;&gt; &#8222;Verein f\u00fcr Geschichte und Heimatkunde Oberursel&#8220;<\/a><\/strong><br \/>Museum:<br \/><strong><a href=\"http:\/\/www.vortaunusmuseum.de\">&gt;&gt; &#8222;Vortaunusmuseum Oberursel&#8220;<\/a><\/strong>, Oberursel, Marktplatz 1<\/p>\n[\/et_pb_testimonial][\/et_pb_column][\/et_pb_row][\/et_pb_section]\n","protected":false},"excerpt":{"rendered":"<p>[et_pb_section fb_built=&#8220;1&#8243; admin_label=&#8220;section&#8220; _builder_version=&#8220;3.22&#8243;][et_pb_row column_structure=&#8220;1_2,1_2&#8243; _builder_version=&#8220;3.25&#8243; background_size=&#8220;initial&#8220; background_position=&#8220;top_left&#8220; background_repeat=&#8220;repeat&#8220;][et_pb_column type=&#8220;1_2&#8243; _builder_version=&#8220;3.25&#8243; custom_padding=&#8220;|||&#8220; custom_padding__hover=&#8220;|||&#8220;][et_pb_text _builder_version=&#8220;4.5.3&#8243; background_size=&#8220;initial&#8220; background_position=&#8220;top_left&#8220; background_repeat=&#8220;repeat&#8220;] Stationen Oberstedter Geschichte Quellen: siehe unten und Impressum Webseite des Geschichts- und Kulturkreis Oberstedten e.V. :&gt;&gt; www.geschichts-und-kulturkreis.de [\/et_pb_text][\/et_pb_column][et_pb_column type=&#8220;1_2&#8243; _builder_version=&#8220;3.25&#8243; custom_padding=&#8220;|||&#8220; custom_padding__hover=&#8220;|||&#8220;][et_pb_number_counter title=&#8220;Jahre Oberstedten&#8220; number=&#8220;1200&#8243; percent_sign=&#8220;off&#8220; counter_color=&#8220;#82c5f2&#8243; _builder_version=&#8220;3.0.87&#8243; number_font_size=&#8220;65&#8243; background_size=&#8220;initial&#8220; background_position=&#8220;top_left&#8220; background_repeat=&#8220;repeat&#8220; use_border_color=&#8220;off&#8220; border_color=&#8220;#ffffff&#8220; border_style=&#8220;solid&#8220;][\/et_pb_number_counter][\/et_pb_column][\/et_pb_row][et_pb_row _builder_version=&#8220;3.25&#8243; background_size=&#8220;initial&#8220; background_position=&#8220;top_left&#8220; [&hellip;]<\/p>\n","protected":false},"author":1,"featured_media":0,"parent":0,"menu_order":0,"comment_status":"closed","ping_status":"closed","template":"","meta":{"_et_pb_use_builder":"on","_et_pb_old_content":"<p>[th-history limit=\"-1\" design=\"design-5\" order=\"asc\" show_date=\"false\" content_words_limit=\"70\" show_read_more=\"true\" content_tail=\"...\" link_target=\"self\" animation=\"bounceInUp\" fa_icon_color=\"#fff\" background_color=\"#ddd\" font_color=\"#ccc\"]<\/p>","_et_gb_content_width":"","footnotes":""},"class_list":["post-1620","page","type-page","status-publish","hentry"],"_links":{"self":[{"href":"https:\/\/oberstedten.info\/index.php?rest_route=\/wp\/v2\/pages\/1620","targetHints":{"allow":["GET"]}}],"collection":[{"href":"https:\/\/oberstedten.info\/index.php?rest_route=\/wp\/v2\/pages"}],"about":[{"href":"https:\/\/oberstedten.info\/index.php?rest_route=\/wp\/v2\/types\/page"}],"author":[{"embeddable":true,"href":"https:\/\/oberstedten.info\/index.php?rest_route=\/wp\/v2\/users\/1"}],"replies":[{"embeddable":true,"href":"https:\/\/oberstedten.info\/index.php?rest_route=%2Fwp%2Fv2%2Fcomments&post=1620"}],"version-history":[{"count":62,"href":"https:\/\/oberstedten.info\/index.php?rest_route=\/wp\/v2\/pages\/1620\/revisions"}],"predecessor-version":[{"id":2931,"href":"https:\/\/oberstedten.info\/index.php?rest_route=\/wp\/v2\/pages\/1620\/revisions\/2931"}],"wp:attachment":[{"href":"https:\/\/oberstedten.info\/index.php?rest_route=%2Fwp%2Fv2%2Fmedia&parent=1620"}],"curies":[{"name":"wp","href":"https:\/\/api.w.org\/{rel}","templated":true}]}}